{"id":12827,"date":"2025-02-10T10:42:59","date_gmt":"2025-02-10T09:42:59","guid":{"rendered":"https:\/\/germaninstitute.com\/de\/?page_id=12827"},"modified":"2026-01-22T09:08:26","modified_gmt":"2026-01-22T08:08:26","slug":"c1-grammatik","status":"publish","type":"page","link":"https:\/\/germaninstitute.com\/de\/c1-grammatik\/","title":{"rendered":"C1 Grammatik &#8211; exzellent auf Top-Niveau"},"content":{"rendered":"<p>[et_pb_section fb_built=&#8220;1&#8243; _builder_version=&#8220;4.16&#8243; _module_preset=&#8220;default&#8220; custom_margin=&#8220;0px||||false|false&#8220; custom_padding=&#8220;0px||||false|false&#8220; global_colors_info=&#8220;{}&#8220;][et_pb_row _builder_version=&#8220;4.27.4&#8243; _module_preset=&#8220;default&#8220; custom_margin=&#8220;|||35px|false|false&#8220; custom_padding=&#8220;38px||0px||false|false&#8220; locked=&#8220;off&#8220; global_colors_info=&#8220;{}&#8220;][et_pb_column type=&#8220;4_4&#8243; _builder_version=&#8220;4.16&#8243; _module_preset=&#8220;default&#8220; custom_padding=&#8220;|||&#8220; global_colors_info=&#8220;%91%93&#8243;][et_pb_heading title=&#8220;C1 Grammatik&#8220; _builder_version=&#8220;4.27.4&#8243; _module_preset=&#8220;default&#8220; title_level=&#8220;h2&#8243; title_font=&#8220;Rubik||||||||&#8220; title_text_color=&#8220;#204f8a&#8220; title_font_size=&#8220;50px&#8220; title_line_height=&#8220;1.1em&#8220; custom_margin=&#8220;|||14px|false|false&#8220; custom_margin_tablet=&#8220;|||-35px|false|false&#8220; custom_margin_phone=&#8220;|||-20px|false|false&#8220; custom_margin_last_edited=&#8220;on|phone&#8220; custom_padding_tablet=&#8220;&#8220; custom_padding_phone=&#8220;&#8220; custom_padding_last_edited=&#8220;on|phone&#8220; title_font_size_tablet=&#8220;50px&#8220; title_font_size_phone=&#8220;35px&#8220; title_font_size_last_edited=&#8220;on|phone&#8220; locked=&#8220;off&#8220; global_colors_info=&#8220;{}&#8220;][\/et_pb_heading][\/et_pb_column][\/et_pb_row][et_pb_row column_structure=&#8220;1_2,1_2&#8243; _builder_version=&#8220;4.21.0&#8243; _module_preset=&#8220;default&#8220; locked=&#8220;off&#8220; global_colors_info=&#8220;{}&#8220;][et_pb_column type=&#8220;1_2&#8243; _builder_version=&#8220;4.21.0&#8243; _module_preset=&#8220;default&#8220; custom_padding=&#8220;|||&#8220; global_colors_info=&#8220;%91%93&#8243;][et_pb_text _builder_version=&#8220;4.27.5&#8243; _module_preset=&#8220;default&#8220; text_font=&#8220;&#8211;et_global_body_font||||||||&#8220; global_colors_info=&#8220;{}&#8220;]<\/p>\n<p style=\"font-weight: 400;\">In deinem C1 Deutschkurs bei German Institute lernst du auch implizite Bedeutungen zu verstehen. Du lernst dich \u00fcber komplexe Themen zu \u00e4u\u00dfern und unterschiedliche Mittel zur Textverkn\u00fcpfung zu benutzen. Ein zus\u00e4tzlicher Schwerpunkt liegt auf Nominalisierung.<\/p>\n<p>Mit deiner Kursbuchung erh\u00e4ltst du automatisch Zugang zu unseren <a href=\"https:\/\/germaninstitute.com\/de\/anmeldung-grammatikkurse\/\">kostenlosen Grammatikkursen<\/a>. Diese finden einmal pro Woche statt und unterst\u00fctzen dein Lernen optimal.<\/p>\n<p>[\/et_pb_text][et_pb_button button_url=&#8220;https:\/\/germaninstitute.com\/de\/c1-deutschkurs\/#buchen&#8220; button_text=&#8220;Buchen&#8220; button_alignment=&#8220;center&#8220; _builder_version=&#8220;4.27.5&#8243; custom_button=&#8220;on&#8220; button_text_color=&#8220;#FFFFFF&#8220; button_bg_color=&#8220;#012243&#8243; button_font=&#8220;&#8211;et_global_body_font||||||||&#8220; custom_margin=&#8220;40px||0px|-400px|false|false&#8220; custom_margin_tablet=&#8220;|||0px|false|false&#8220; custom_margin_phone=&#8220;|||0px|false|false&#8220; custom_margin_last_edited=&#8220;on|phone&#8220; hover_enabled=&#8220;0&#8243; button_letter_spacing_hover=&#8220;1px&#8220; locked=&#8220;off&#8220; global_colors_info=&#8220;{}&#8220; button_text_size__hover_enabled=&#8220;off&#8220; button_one_text_size__hover_enabled=&#8220;off&#8220; button_two_text_size__hover_enabled=&#8220;off&#8220; button_text_color__hover_enabled=&#8220;off&#8220; button_one_text_color__hover_enabled=&#8220;off&#8220; button_two_text_color__hover_enabled=&#8220;off&#8220; button_border_width__hover_enabled=&#8220;off&#8220; button_one_border_width__hover_enabled=&#8220;off&#8220; button_two_border_width__hover_enabled=&#8220;off&#8220; button_border_color__hover_enabled=&#8220;off&#8220; button_one_border_color__hover_enabled=&#8220;off&#8220; button_two_border_color__hover_enabled=&#8220;off&#8220; button_border_radius__hover_enabled=&#8220;off&#8220; button_one_border_radius__hover_enabled=&#8220;off&#8220; button_two_border_radius__hover_enabled=&#8220;off&#8220; button_letter_spacing__hover_enabled=&#8220;on&#8220; button_letter_spacing__hover=&#8220;1px&#8220; button_one_letter_spacing__hover_enabled=&#8220;off&#8220; button_two_letter_spacing__hover_enabled=&#8220;off&#8220; button_bg_color__hover_enabled=&#8220;off&#8220; button_one_bg_color__hover_enabled=&#8220;off&#8220; button_two_bg_color__hover_enabled=&#8220;off&#8220; sticky_enabled=&#8220;0&#8243;][\/et_pb_button][\/et_pb_column][et_pb_column type=&#8220;1_2&#8243; _builder_version=&#8220;4.21.0&#8243; _module_preset=&#8220;default&#8220; custom_padding=&#8220;|||&#8220; global_colors_info=&#8220;%91%93&#8243;][et_pb_image src=&#8220;https:\/\/germaninstitute.com\/de\/wp-content\/uploads\/2025\/02\/Grammatik-1-scaled-1.jpg&#8220; alt=&#8220;Deutschen lernen A1 Grammatik&#8220; title_text=&#8220;Deutschen lernen A1 Grammatik&#8220; _builder_version=&#8220;4.21.0&#8243; _module_preset=&#8220;default&#8220; border_radii=&#8220;on|20px|20px|20px|20px&#8220; global_colors_info=&#8220;{}&#8220;][\/et_pb_image][\/et_pb_column][\/et_pb_row][et_pb_row _builder_version=&#8220;4.21.0&#8243; _module_preset=&#8220;default&#8220; global_colors_info=&#8220;{}&#8220;][et_pb_column type=&#8220;4_4&#8243; _builder_version=&#8220;4.21.0&#8243; _module_preset=&#8220;default&#8220; custom_padding=&#8220;|||&#8220; global_colors_info=&#8220;%91%93&#8243;][et_pb_divider color=&#8220;gcid-9bb9bfe2-980a-472b-9544-d767cdb4022e&#8220; _builder_version=&#8220;4.27.5&#8243; _module_preset=&#8220;default&#8220; global_colors_info=&#8220;{%22gcid-9bb9bfe2-980a-472b-9544-d767cdb4022e%22:%91%22color%22%93}&#8220;][\/et_pb_divider][\/et_pb_column][\/et_pb_row][et_pb_row column_structure=&#8220;1_2,1_2&#8243; _builder_version=&#8220;4.16&#8243; _module_preset=&#8220;default&#8220; global_colors_info=&#8220;{}&#8220;][et_pb_column type=&#8220;1_2&#8243; _builder_version=&#8220;4.16&#8243; _module_preset=&#8220;default&#8220; custom_padding=&#8220;|||&#8220; global_colors_info=&#8220;%91%93&#8243;][et_pb_text _builder_version=&#8220;4.27.5&#8243; _module_preset=&#8220;default&#8220; header_2_font=&#8220;Rubik||||||||&#8220; header_2_text_color=&#8220;gcid-9bb9bfe2-980a-472b-9544-d767cdb4022e&#8220; header_2_font_size=&#8220;30px&#8220; header_2_font_size_tablet=&#8220;30px&#8220; header_2_font_size_phone=&#8220;23px&#8220; header_2_font_size_last_edited=&#8220;on|phone&#8220; locked=&#8220;off&#8220; global_colors_info=&#8220;{%22gcid-9bb9bfe2-980a-472b-9544-d767cdb4022e%22:%91%22header_2_text_color%22%93}&#8220;]<\/p>\n<h2>C1 Grammatik (C1.1)<\/h2>\n<p>[\/et_pb_text][et_pb_text _builder_version=&#8220;4.18.0&#8243; _module_preset=&#8220;default&#8220; global_colors_info=&#8220;{}&#8220;]<\/p>\n<ul>\n<li>Konnektoren andernfalls, folglich, au\u00dfer wenn &#8230;<\/li>\n<li>trennbare und untrennbare Verben<\/li>\n<li>M\u00f6glichkeiten der Redewiedergabe<\/li>\n<li>Nominal- und Verbalstil<\/li>\n<li>Subjekt- und Objekts\u00e4tze<\/li>\n<li>Weiterf\u00fchrende Nebens\u00e4tze<\/li>\n<li>Nominalisierung und Verbalisierung von Temporals\u00e4tzen<\/li>\n<li>Nominalisierung und Verbalisierung von Kausal- und Modals\u00e4tzen<\/li>\n<li>Negative Konsekutivs\u00e4tze mit um zu \/ als dass<\/li>\n<li>Nominalisierung und Verbalisierung von Konzessiv- und Finals\u00e4tzen<\/li>\n<\/ul>\n<p>&nbsp;<\/p>\n<p>[\/et_pb_text][\/et_pb_column][et_pb_column type=&#8220;1_2&#8243; _builder_version=&#8220;4.16&#8243; _module_preset=&#8220;default&#8220; custom_padding=&#8220;|||&#8220; global_colors_info=&#8220;%91%93&#8243;][et_pb_text _builder_version=&#8220;4.27.5&#8243; _module_preset=&#8220;default&#8220; header_2_font=&#8220;Rubik||||||||&#8220; header_2_text_color=&#8220;gcid-9bb9bfe2-980a-472b-9544-d767cdb4022e&#8220; header_2_font_size=&#8220;30px&#8220; header_2_font_size_tablet=&#8220;30px&#8220; header_2_font_size_phone=&#8220;23px&#8220; header_2_font_size_last_edited=&#8220;on|phone&#8220; locked=&#8220;off&#8220; global_colors_info=&#8220;{%22gcid-9bb9bfe2-980a-472b-9544-d767cdb4022e%22:%91%22header_2_text_color%22%93}&#8220;]<\/p>\n<h2>C1 Grammatik (C1.2)<\/h2>\n<p>[\/et_pb_text][et_pb_text _builder_version=&#8220;4.16&#8243; _module_preset=&#8220;default&#8220; global_colors_info=&#8220;{}&#8220;]<\/p>\n<ul>\n<li>Infinitivs\u00e4tze in Gegenwart und Vergangenheit<\/li>\n<li>Nominalisierung und Verbalisierung von Konditionals\u00e4tzen<\/li>\n<li>Besonderheiten des Passivs<\/li>\n<li>Modales Partizip<\/li>\n<li>Subjektive Modalverben: Behauptungen ausdr\u00fccken<\/li>\n<li>Subjektive Modalverben: Vermutungen ausdr\u00fccken<\/li>\n<li>Nominalisierung und Verbalisierung von Pr\u00e4positionalerg\u00e4nzungen<\/li>\n<li>Konnektoren allerdings, mittlerweile, vielmehr &#8230;<\/li>\n<li>Besonderheiten von Konditionals\u00e4tzen<\/li>\n<li>Modalit\u00e4tsverben<\/li>\n<li><a href=\"https:\/\/kahoot.it\/challenge\/?quiz-id=2c99b3cd-39c2-421a-b172-f228c9e3463c&amp;single-player=true\" target=\"_blank\" rel=\"noopener\">Verben mit Pr\u00e4positionen<\/a><\/li>\n<\/ul>\n<p>[\/et_pb_text][\/et_pb_column][\/et_pb_row][et_pb_row _builder_version=&#8220;4.21.0&#8243; _module_preset=&#8220;default&#8220; global_colors_info=&#8220;{}&#8220;][et_pb_column type=&#8220;4_4&#8243; _builder_version=&#8220;4.21.0&#8243; _module_preset=&#8220;default&#8220; custom_padding=&#8220;|||&#8220; global_colors_info=&#8220;%91%93&#8243;][et_pb_divider color=&#8220;gcid-9bb9bfe2-980a-472b-9544-d767cdb4022e&#8220; _builder_version=&#8220;4.27.5&#8243; _module_preset=&#8220;default&#8220; global_colors_info=&#8220;{%22gcid-9bb9bfe2-980a-472b-9544-d767cdb4022e%22:%91%22color%22%93}&#8220;][\/et_pb_divider][\/et_pb_column][\/et_pb_row][et_pb_row _builder_version=&#8220;4.27.4&#8243; _module_preset=&#8220;default&#8220; locked=&#8220;off&#8220; global_colors_info=&#8220;{}&#8220;][et_pb_column type=&#8220;4_4&#8243; _builder_version=&#8220;4.21.0&#8243; _module_preset=&#8220;default&#8220; custom_padding=&#8220;|||&#8220; global_colors_info=&#8220;%91%93&#8243;][et_pb_text _builder_version=&#8220;4.27.5&#8243; _module_preset=&#8220;default&#8220; text_font=&#8220;&#8211;et_global_body_font||||||||&#8220; header_2_font=&#8220;Rubik||||||||&#8220; header_2_text_color=&#8220;gcid-9bb9bfe2-980a-472b-9544-d767cdb4022e&#8220; header_2_font_size=&#8220;35px&#8220; locked=&#8220;off&#8220; global_colors_info=&#8220;{%22gcid-9bb9bfe2-980a-472b-9544-d767cdb4022e%22:%91%22header_2_text_color%22%93}&#8220;]<\/p>\n<h2 style=\"margin-bottom: 16px;\">C1 B\u00fccher<\/h2>\n<p>Du suchst \u00dcbungen zur C1 Grammatik? Wir empfehlen dir folgende B\u00fccher.<\/p>\n<p>[\/et_pb_text][\/et_pb_column][\/et_pb_row][et_pb_row _builder_version=&#8220;4.21.0&#8243; _module_preset=&#8220;default&#8220; global_colors_info=&#8220;{}&#8220;][et_pb_column type=&#8220;4_4&#8243; _builder_version=&#8220;4.21.0&#8243; _module_preset=&#8220;default&#8220; custom_padding=&#8220;|||&#8220; global_colors_info=&#8220;%91%93&#8243;][et_pb_slider _builder_version=&#8220;4.21.0&#8243; _module_preset=&#8220;default&#8220; background_color=&#8220;#4458ee&#8220; saved_tabs=&#8220;all&#8220; global_colors_info=&#8220;{}&#8220;][et_pb_slide heading=&#8220;C Grammatik&#8220; image=&#8220;https:\/\/germaninstitute.com\/de\/wp-content\/uploads\/2025\/02\/C-Grammatik-Uebungsgrammatik-Deutsch-als-Fremdsprache-Sprachniveau-C1C2-Deutsch-Taschenbuch-\u2013-1.-Juli-2012.jpg&#8220; _builder_version=&#8220;4.21.0&#8243; _module_preset=&#8220;default&#8220; header_text_color=&#8220;#000000&#8243; body_text_color=&#8220;#000000&#8243; background_color=&#8220;#ebebeb&#8220; background_enable_color=&#8220;on&#8220; global_colors_info=&#8220;{}&#8220; sticky_transition=&#8220;on&#8220;]<\/p>\n<div id=\"titleblock_feature_div\" class=\"celwidget\" data-feature-name=\"titleblock\" data-csa-c-id=\"m3jmzg-zggx2k-afwifn-plt30a\" data-cel-widget=\"titleblock_feature_div\">\n<div class=\"a-section a-spacing-none\">\n<p id=\"title\" class=\"a-spacing-none a-text-normal\"><span id=\"productTitle\" class=\"a-size-extra-large\">\u00dcbungsgrammatik Deutsch als Fremdsprache, Sprachniveau C1\/C2 <\/span><span id=\"productSubtitle\" class=\"a-size-large a-color-secondary\">(Deutsch) Taschenbuch \u2013 1. Juli 2012<\/span><\/p>\n<p class=\"a-spacing-none a-text-normal\">\n<\/div>\n<\/div>\n<p>Kosten: 19,90 Euro<\/p>\n<p>[\/et_pb_slide][et_pb_slide heading=&#8220;Grammatik aktiv &#8211; Deutsch als Fremdsprache &#8211; B2\/C1&#8243; image=&#8220;https:\/\/germaninstitute.com\/de\/wp-content\/uploads\/2025\/02\/Grammatik-aktiv-Deutsch-als-Fremdsprache-B2C1-Verstehen-Ueben-Sprechen-Uebungsgrammatik-mit-Audios-online-Deutsch-Taschenbuch-\u2013-28.-November-2017.jpg&#8220; _builder_version=&#8220;4.21.0&#8243; _module_preset=&#8220;default&#8220; header_text_color=&#8220;#000000&#8243; body_text_color=&#8220;#000000&#8243; background_color=&#8220;#ebebeb&#8220; background_enable_color=&#8220;on&#8220; global_colors_info=&#8220;{}&#8220; sticky_transition=&#8220;on&#8220;]<\/p>\n<p id=\"title\" class=\"a-spacing-none a-text-normal\"><span id=\"productTitle\" class=\"a-size-extra-large\">\u00dcbungsgrammatik mit Audios online <\/span><span id=\"productSubtitle\" class=\"a-size-large a-color-secondary\">(Deutsch) Taschenbuch \u2013 28. November 2017<br \/>\n<\/span><\/p>\n<p class=\"a-spacing-none a-text-normal\">Kosten: 18,25 Euro<\/p>\n<p>[\/et_pb_slide][et_pb_slide heading=&#8220;Lehr- und \u00dcbungsbuch der deutschen Grammatik&#8220; image=&#8220;https:\/\/germaninstitute.com\/de\/wp-content\/uploads\/2025\/02\/Lehr-und-Uebungsbuch-der-deutschen-Grammatik-aktuell-Lehrbuch-Neubearbeitung-Lehr-und-Uebungsbuch-Gramatica-Aleman-Deutsch-Taschenbuch-\u2013-28.-Mai-2009.jpg&#8220; _builder_version=&#8220;4.21.0&#8243; _module_preset=&#8220;default&#8220; header_text_color=&#8220;#000000&#8243; body_text_color=&#8220;#000000&#8243; background_color=&#8220;#ebebeb&#8220; background_enable_color=&#8220;on&#8220; global_colors_info=&#8220;{}&#8220; sticky_transition=&#8220;on&#8220;]<\/p>\n<p>Lehrbuch: Neubearbeitung \/ Lehr- und \u00dcbungsbuch (Gramatica Aleman) <span id=\"productSubtitle\" class=\"a-size-large a-color-secondary\">(Deutsch) Taschenbuch \u2013 28. Mai 2009<\/span><\/p>\n<p>Kosten: 32,50 Euro<\/p>\n<p>[\/et_pb_slide][\/et_pb_slider][\/et_pb_column][\/et_pb_row][\/et_pb_section]<\/p>\n","protected":false},"excerpt":{"rendered":"<p>C1 Grammatik In deinem&#8230;<\/p>\n","protected":false},"author":3,"featured_media":0,"parent":0,"menu_order":0,"comment_status":"closed","ping_status":"closed","template":"","meta":{"_et_pb_use_builder":"on","_et_pb_old_content":"","_et_gb_content_width":"","footnotes":""},"class_list":["post-12827","page","type-page","status-publish","hentry"],"jetpack_sharing_enabled":true,"_links":{"self":[{"href":"https:\/\/germaninstitute.com\/de\/wp-json\/wp\/v2\/pages\/12827","targetHints":{"allow":["GET"]}}],"collection":[{"href":"https:\/\/germaninstitute.com\/de\/wp-json\/wp\/v2\/pages"}],"about":[{"href":"https:\/\/germaninstitute.com\/de\/wp-json\/wp\/v2\/types\/page"}],"author":[{"embeddable":true,"href":"https:\/\/germaninstitute.com\/de\/wp-json\/wp\/v2\/users\/3"}],"replies":[{"embeddable":true,"href":"https:\/\/germaninstitute.com\/de\/wp-json\/wp\/v2\/comments?post=12827"}],"version-history":[{"count":6,"href":"https:\/\/germaninstitute.com\/de\/wp-json\/wp\/v2\/pages\/12827\/revisions"}],"predecessor-version":[{"id":64919,"href":"https:\/\/germaninstitute.com\/de\/wp-json\/wp\/v2\/pages\/12827\/revisions\/64919"}],"wp:attachment":[{"href":"https:\/\/germaninstitute.com\/de\/wp-json\/wp\/v2\/media?parent=12827"}],"curies":[{"name":"wp","href":"https:\/\/api.w.org\/{rel}","templated":true}]}}