{"id":43650,"date":"2025-02-10T08:19:34","date_gmt":"2025-02-10T07:19:34","guid":{"rendered":"https:\/\/germaninstitute.com\/de\/vize\/"},"modified":"2026-01-23T16:21:43","modified_gmt":"2026-01-23T15:21:43","slug":"vize","status":"publish","type":"page","link":"https:\/\/germaninstitute.com\/de\/tr\/vize\/","title":{"rendered":"Vize"},"content":{"rendered":"<p>[et_pb_section fb_built=&#8221;1&#8243; disabled_on=&#8221;off|off|off&#8221; admin_label=&#8221;Testimonials&#8221; _builder_version=&#8221;4.21.0&#8243; custom_padding=&#8221;0px|||||&#8221; locked=&#8221;off&#8221; global_colors_info=&#8221;{}&#8221;][et_pb_row _builder_version=&#8221;4.16&#8243; global_colors_info=&#8221;{}&#8221;][et_pb_column type=&#8221;4_4&#8243; _builder_version=&#8221;4.16&#8243; custom_padding=&#8221;|||&#8221; global_colors_info=&#8221;%91%93&#8243; custom_padding__hover=&#8221;|||&#8221;][et_pb_text _builder_version=&#8221;4.27.4&#8243; text_font=&#8221;Rubik||||||||&#8221; text_text_color=&#8221;gcid-ee89fd9f-afc5-4939-817c-0a17ac90288c&#8221; header_2_font=&#8221;Rubik|500|||||||&#8221; header_2_text_color=&#8221;#204f8a&#8221; header_2_font_size=&#8221;50px&#8221; header_2_line_height=&#8221;1.3em&#8221; header_3_font=&#8221;Rubik|500|||||||&#8221; header_3_font_size=&#8221;38px&#8221; header_3_line_height=&#8221;1.4em&#8221; text_orientation=&#8221;center&#8221; max_width=&#8221;700px&#8221; module_alignment=&#8221;center&#8221; header_2_font_size_tablet=&#8221;42px&#8221; header_2_font_size_phone=&#8221;32px&#8221; header_2_font_size_last_edited=&#8221;off|desktop&#8221; header_3_font_size_tablet=&#8221;28px&#8221; header_3_font_size_phone=&#8221;20px&#8221; header_3_font_size_last_edited=&#8221;on|phone&#8221; locked=&#8221;off&#8221; global_colors_info=&#8221;{%22gcid-ee89fd9f-afc5-4939-817c-0a17ac90288c%22:%91%22text_text_color%22%93}&#8221;]<\/p>\n<p>ALMAN ENST\u0130T\u00dcS\u00dc<\/p>\n<h2>Vize<\/h2>\n<p>[\/et_pb_text][et_pb_text _builder_version=&#8221;4.21.0&#8243; _module_preset=&#8221;default&#8221; global_colors_info=&#8221;{}&#8221;]<\/p>\n<p>Vize s\u00fcreci, haz\u0131rl\u0131k ve gerekli belgeler konusunda sana dan\u0131\u015fmanl\u0131k yap\u0131yoruz. German Institute&#8217;da Almanca \u00f6\u011frencisi olarak \u00fccretsiz Vize Destek Paketimizden yararlanabilirsin. <\/p>\n<p>[\/et_pb_text][\/et_pb_column][\/et_pb_row][\/et_pb_section][et_pb_section fb_built=&#8221;1&#8243; fullwidth=&#8221;on&#8221; _builder_version=&#8221;4.21.0&#8243; _module_preset=&#8221;default&#8221; global_colors_info=&#8221;{}&#8221;][et_pb_fullwidth_code _builder_version=&#8221;4.21.0&#8243; _module_preset=&#8221;default&#8221; global_colors_info=&#8221;{}&#8221;]<iframe loading=\"lazy\" src=\"https:\/\/www.videoask.com\/f31mcu21p\" allow=\"camera *; microphone *; autoplay *; encrypted-media *; fullscreen *; display-capture *;\" width=\"100%\" height=\"600px\" style=\"border: none; border-radius: 24px\"><\/iframe>[\/et_pb_fullwidth_code][et_pb_fullwidth_code _builder_version=&#8221;4.27.5&#8243; _module_preset=&#8221;default&#8221; hover_enabled=&#8221;0&#8243; global_colors_info=&#8221;{}&#8221; sticky_enabled=&#8221;0&#8243; locked=&#8221;off&#8221;]<\/p>\n<div data-tf-live=\"01KEYAGRWZBY587FSW4HVC2P0S\"><\/div>\n<p><script src=\"\/\/embed.typeform.com\/next\/embed.js\"><\/script>[\/et_pb_fullwidth_code][et_pb_fullwidth_code _builder_version=&#8221;4.27.5&#8243; _module_preset=&#8221;default&#8221; hover_enabled=&#8221;0&#8243; global_colors_info=&#8221;{}&#8221; sticky_enabled=&#8221;0&#8243; locked=&#8221;off&#8221;][\/et_pb_fullwidth_code][\/et_pb_section][et_pb_section fb_built=&#8221;1&#8243; fullwidth=&#8221;on&#8221; _builder_version=&#8221;4.27.4&#8243; _module_preset=&#8221;default&#8221; global_colors_info=&#8221;{}&#8221;][et_pb_fullwidth_code _builder_version=&#8221;4.27.4&#8243; _module_preset=&#8221;default&#8221; global_colors_info=&#8221;{}&#8221;]<!-- Google Calendar Appointment Scheduling begin --><!-- [et_pb_line_break_holder] --><iframe loading=\"lazy\" src=\"https:\/\/calendar.google.com\/calendar\/appointments\/schedules\/AcZssZ1S5T2xgko9cWVMvL80XnKAe9CLB3DZA3gLHoTxQFnzYSNKB3cvX8fZ0-aO2ry3CGQOeS1FnjxJ?gv=true\" style=\"border: 0\" width=\"100%\" height=\"600\" frameborder=\"0\"><\/iframe><!-- [et_pb_line_break_holder] --><!-- end Google Calendar Appointment Scheduling -->[\/et_pb_fullwidth_code][\/et_pb_section][et_pb_section fb_built=&#8221;1&#8243; _builder_version=&#8221;4.27.4&#8243; _module_preset=&#8221;default&#8221; global_colors_info=&#8221;{}&#8221;][et_pb_row column_structure=&#8221;1_2,1_2&#8243; _builder_version=&#8221;4.27.4&#8243; _module_preset=&#8221;default&#8221; global_colors_info=&#8221;{}&#8221;][et_pb_column type=&#8221;1_2&#8243; _builder_version=&#8221;4.27.4&#8243; _module_preset=&#8221;default&#8221; global_colors_info=&#8221;{}&#8221;][et_pb_text _builder_version=&#8221;4.27.4&#8243; text_font=&#8221;Rubik|||on|||||&#8221; text_text_color=&#8221;#f58c60&#8243; text_line_height=&#8221;2em&#8221; header_font=&#8221;Rubik||||||||&#8221; header_text_color=&#8221;#204f8a&#8221; header_2_font=&#8221;Rubik|500|||||||&#8221; header_2_text_color=&#8221;#204f8a&#8221; header_2_font_size=&#8221;40px&#8221; header_2_line_height=&#8221;1.3em&#8221; header_3_font=&#8221;Rubik|500|||||||&#8221; header_3_font_size=&#8221;38px&#8221; header_3_line_height=&#8221;1.4em&#8221; header_2_font_size_tablet=&#8221;42px&#8221; header_2_font_size_phone=&#8221;32px&#8221; header_2_font_size_last_edited=&#8221;off|desktop&#8221; header_3_font_size_tablet=&#8221;28px&#8221; header_3_font_size_phone=&#8221;20px&#8221; header_3_font_size_last_edited=&#8221;on|phone&#8221; global_colors_info=&#8221;{}&#8221;]<\/p>\n<p>V\u0130ZE Deste\u011fi<\/p>\n<h2>Vize<\/h2>\n<p>[\/et_pb_text][et_pb_text _builder_version=&#8221;4.18.0&#8243; _module_preset=&#8221;default&#8221; global_colors_info=&#8221;{}&#8221;]<\/p>\n<ul>\n<li>Kurs \u00fccretlerini \u00f6dedikten sonra 24 saat i\u00e7inde sana bir kay\u0131t onay\u0131 (Vize Mektubu) haz\u0131rl\u0131yoruz.<\/li>\n<li>Vize ba\u015fvurunu haz\u0131rlarken sana yard\u0131mc\u0131 olacak ipu\u00e7lar\u0131 veriyoruz.<\/li>\n<li>Vize belgelerini seninle birlikte g\u00f6zden ge\u00e7iriyor ve ba\u015fvurunu d\u00fczeltiyoruz.<\/li>\n<\/ul>\n<p>[\/et_pb_text][et_pb_text _builder_version=&#8221;4.27.4&#8243; text_font=&#8221;Rubik|||on|||||&#8221; text_text_color=&#8221;#f58c60&#8243; text_line_height=&#8221;2em&#8221; header_font=&#8221;||||||||&#8221; header_2_font=&#8221;Rubik|500|||||||&#8221; header_2_text_color=&#8221;#204f8a&#8221; header_2_font_size=&#8221;40px&#8221; header_2_line_height=&#8221;1.3em&#8221; header_3_font=&#8221;Rubik|500|||||||&#8221; header_3_font_size=&#8221;38px&#8221; header_3_line_height=&#8221;1.4em&#8221; header_2_font_size_tablet=&#8221;42px&#8221; header_2_font_size_phone=&#8221;32px&#8221; header_2_font_size_last_edited=&#8221;off|desktop&#8221; header_3_font_size_tablet=&#8221;28px&#8221; header_3_font_size_phone=&#8221;20px&#8221; header_3_font_size_last_edited=&#8221;on|phone&#8221; global_colors_info=&#8221;{}&#8221;]<\/p>\n<p>V\u0130ZE Deste\u011fi<\/p>\n<h2>Almanca Kursu<\/h2>\n<p>[\/et_pb_text][et_pb_text _builder_version=&#8221;4.18.0&#8243; _module_preset=&#8221;default&#8221; global_colors_info=&#8221;{}&#8221;]<\/p>\n<ul>\n<li>Kendini en iyi \u015fekilde haz\u0131rlamak i\u00e7in \u00fccretsiz bir <strong>dil analizi<\/strong> yapt\u0131rabilirsin.<\/li>\n<li>Almanya&#8217;ya gelmeden ve kursuna ba\u015flamadan \u00f6nce <strong>\u00fccretsiz<\/strong> online kurslara kat\u0131labilirsin.<\/li>\n<li>Haftada en az 18 ders saati olan bir Almanca kursuna ihtiyac\u0131n var. Biz sana haftada 24 ders saati sunuyoruz. <\/li>\n<\/ul>\n<p>[\/et_pb_text][\/et_pb_column][et_pb_column type=&#8221;1_2&#8243; _builder_version=&#8221;4.27.4&#8243; _module_preset=&#8221;default&#8221; global_colors_info=&#8221;{}&#8221;][et_pb_cta title=&#8221;\u0130PU\u00c7LARI&#8221; button_url=&#8221;#&#8221; button_text=&#8221;DAHA FAZLA&#8221; _builder_version=&#8221;4.18.0&#8243; header_font=&#8221;Rubik||||||||&#8221; header_line_height=&#8221;1.4em&#8221; body_font=&#8221;||||||||&#8221; body_line_height=&#8221;2em&#8221; background_color=&#8221;#ffffff&#8221; custom_button=&#8221;on&#8221; button_text_size=&#8221;13px&#8221; button_text_color=&#8221;#2970fa&#8221; button_bg_color=&#8221;rgba(255,255,255,0)&#8221; button_border_width=&#8221;0px&#8221; button_border_color=&#8221;rgba(0,0,0,0)&#8221; button_border_radius=&#8221;5px&#8221; button_letter_spacing=&#8221;1px&#8221; button_font=&#8221;Rubik|||on|||||&#8221; button_icon=&#8221;&#xe03c;||divi||400&#8243; button_on_hover=&#8221;off&#8221; text_orientation=&#8221;left&#8221; background_layout=&#8221;light&#8221; custom_padding=&#8221;24px||30px|30px|false|&#8221; animation_style=&#8221;slide&#8221; animation_direction=&#8221;top&#8221; animation_intensity_slide=&#8221;4%&#8221; header_font_size_tablet=&#8221;&#8221; header_font_size_phone=&#8221;18px&#8221; header_font_size_last_edited=&#8221;on|phone&#8221; border_radii=&#8221;on|24px|24px|24px|24px&#8221; box_shadow_style=&#8221;preset1&#8243; box_shadow_vertical=&#8221;90px&#8221; box_shadow_blur=&#8221;160px&#8221; box_shadow_color=&#8221;rgba(0,0,0,0.06)&#8221; button_letter_spacing_hover=&#8221;1px&#8221; locked=&#8221;off&#8221; global_colors_info=&#8221;{}&#8221; button_text_size__hover_enabled=&#8221;off&#8221; button_one_text_size__hover_enabled=&#8221;off&#8221; button_two_text_size__hover_enabled=&#8221;off&#8221; button_text_color__hover_enabled=&#8221;off&#8221; button_one_text_color__hover_enabled=&#8221;off&#8221; button_two_text_color__hover_enabled=&#8221;off&#8221; button_border_width__hover_enabled=&#8221;off&#8221; button_one_border_width__hover_enabled=&#8221;off&#8221; button_two_border_width__hover_enabled=&#8221;off&#8221; button_border_color__hover_enabled=&#8221;off&#8221; button_one_border_color__hover_enabled=&#8221;off&#8221; button_two_border_color__hover_enabled=&#8221;off&#8221; button_border_radius__hover_enabled=&#8221;off&#8221; button_one_border_radius__hover_enabled=&#8221;off&#8221; button_two_border_radius__hover_enabled=&#8221;off&#8221; button_letter_spacing__hover_enabled=&#8221;on&#8221; button_letter_spacing__hover=&#8221;1px&#8221; button_one_letter_spacing__hover_enabled=&#8221;off&#8221; button_two_letter_spacing__hover_enabled=&#8221;off&#8221; button_bg_color__hover_enabled=&#8221;off&#8221; button_one_bg_color__hover_enabled=&#8221;off&#8221; button_two_bg_color__hover_enabled=&#8221;off&#8221;]<\/p>\n<p style=\"font-weight: 400;\">Vize alabilmek i\u00e7in Almanca kursun en az 3 ay ve en fazla 12 ay s\u00fcrmelidir. Vize alma \u015fans\u0131n en az 6-8 ayl\u0131k bir Almanca kursuyla en y\u00fcksek olur. <\/p>\n<p>[\/et_pb_cta][et_pb_text _builder_version=&#8221;4.27.4&#8243; text_font=&#8221;Rubik|||on|||||&#8221; text_text_color=&#8221;gcid-ee89fd9f-afc5-4939-817c-0a17ac90288c&#8221; text_line_height=&#8221;2em&#8221; header_font=&#8221;||||||||&#8221; header_2_font=&#8221;Rubik|500|||||||&#8221; header_2_text_color=&#8221;gcid-9bb9bfe2-980a-472b-9544-d767cdb4022e&#8221; header_2_font_size=&#8221;40px&#8221; header_2_line_height=&#8221;1.3em&#8221; header_3_font=&#8221;Rubik|500|||||||&#8221; header_3_font_size=&#8221;38px&#8221; header_3_line_height=&#8221;1.4em&#8221; custom_padding=&#8221;0px|||||&#8221; header_2_font_size_tablet=&#8221;42px&#8221; header_2_font_size_phone=&#8221;32px&#8221; header_2_font_size_last_edited=&#8221;off|desktop&#8221; header_3_font_size_tablet=&#8221;28px&#8221; header_3_font_size_phone=&#8221;20px&#8221; header_3_font_size_last_edited=&#8221;on|phone&#8221; global_colors_info=&#8221;{%22gcid-ee89fd9f-afc5-4939-817c-0a17ac90288c%22:%91%22text_text_color%22%93,%22gcid-9bb9bfe2-980a-472b-9544-d767cdb4022e%22:%91%22header_2_text_color%22%93}&#8221;]<\/p>\n<p>V\u0130ZE Deste\u011fi<\/p>\n<h2>G\u00fcvenlik<\/h2>\n<p>[\/et_pb_text][et_pb_text _builder_version=&#8221;4.18.0&#8243; _module_preset=&#8221;default&#8221; global_colors_info=&#8221;{}&#8221;]<\/p>\n<ul>\n<li>Vizen reddedilirse: Kurs \u00fccretlerinin %100&#8217;\u00fcn\u00fc geri al\u0131rs\u0131n. Herhangi bir i\u015flem \u00fccreti \u00f6demezsin. (Kan\u0131t gereklidir)  <\/li>\n<li>Vizen gecikirse: Almanca kurslar\u0131n\u0131 \u00fccretsiz olarak erteleyebilirsin.<\/li>\n<\/ul>\n<p>[\/et_pb_text][\/et_pb_column][\/et_pb_row][\/et_pb_section][et_pb_section fb_built=&#8221;1&#8243; _builder_version=&#8221;4.18.0&#8243; _module_preset=&#8221;default&#8221; global_colors_info=&#8221;{}&#8221;][\/et_pb_section][et_pb_section fb_built=&#8221;1&#8243; next_background_color=&#8221;#ffffff&#8221; admin_label=&#8221;Support&#8221; _builder_version=&#8221;4.27.4&#8243; use_background_color_gradient=&#8221;on&#8221; background_color_gradient_direction=&#8221;150deg&#8221; background_color_gradient_stops=&#8221;#ffba61 0%|#ffe970 100%&#8221; background_color_gradient_start=&#8221;#ffba61&#8243; background_color_gradient_end=&#8221;#ffe970&#8243; background_image=&#8221;https:\/\/germaninstitute.com\/de\/wp-content\/uploads\/2025\/02\/hosting-company-02.png&#8221; background_size=&#8221;contain&#8221; background_position=&#8221;top_center&#8221; custom_margin=&#8221;-198px||||false|false&#8221; custom_padding=&#8221;15vw||8vw||false|false&#8221; bottom_divider_style=&#8221;wave2&#8243; bottom_divider_repeat=&#8221;1.5x&#8221; global_colors_info=&#8221;{}&#8221;][et_pb_row _builder_version=&#8221;4.18.0&#8243; global_colors_info=&#8221;{}&#8221;][et_pb_column type=&#8221;4_4&#8243; _builder_version=&#8221;4.16&#8243; custom_padding=&#8221;|||&#8221; global_colors_info=&#8221;%91%93&#8243; custom_padding__hover=&#8221;|||&#8221;][et_pb_text _builder_version=&#8221;4.27.4&#8243; _module_preset=&#8221;default&#8221; header_font=&#8221;&#8211;et_global_heading_font||||||||&#8221; header_2_font=&#8221;Rubik||||||||&#8221; header_2_text_color=&#8221;gcid-9bb9bfe2-980a-472b-9544-d767cdb4022e&#8221; header_2_font_size=&#8221;35px&#8221; header_2_line_height=&#8221;1.3em&#8221; header_3_font=&#8221;Rubik||||||||&#8221; header_3_font_size=&#8221;38px&#8221; global_colors_info=&#8221;{%22gcid-9bb9bfe2-980a-472b-9544-d767cdb4022e%22:%91%22header_2_text_color%22%93}&#8221;]<\/p>\n<h2 style=\"text-align: center;\">Vizeye ihtiyac\u0131n var m\u0131?<\/h2>\n<p>[\/et_pb_text][et_pb_toggle title=&#8221;AB, Lihten\u015ftayn, \u0130zlanda, Norve\u00e7 veya \u0130svi\u00e7re&#8217;den mi geliyorsun?&#8221; _builder_version=&#8221;4.18.0&#8243; _module_preset=&#8221;default&#8221; global_colors_info=&#8221;{}&#8221;]<\/p>\n<p style=\"font-weight: 400;\">Vizeye ihtiyac\u0131n yok.<\/p>\n<p>[\/et_pb_toggle][et_pb_toggle title=&#8221;Andorra, Avustralya, Brezilya, El Salvador, Honduras, \u0130srail, Japonya, Kanada, Monako, Kore Cumhuriyeti, Yeni Zelanda, San Marino, Birle\u015fik Krall\u0131k veya ABD&#8217;den mi geliyorsun?&#8221; _builder_version=&#8221;4.18.0&#8243; _module_preset=&#8221;default&#8221; global_colors_info=&#8221;{}&#8221;]<\/p>\n<div><span>O zaman senin i\u00e7in basitle\u015ftirilmi\u015f vize prosed\u00fcr\u00fc ge\u00e7erlidir. Dil vizesi i\u00e7in Almanya&#8217;da ba\u015fvurabilirsin <\/span><\/div>\n<div><\/div>\n<p>[\/et_pb_toggle][et_pb_text _builder_version=&#8221;4.18.0&#8243; text_font=&#8221;||||||||&#8221; text_font_size=&#8221;16px&#8221; text_line_height=&#8221;2em&#8221; header_font=&#8221;||||||||&#8221; header_2_font=&#8221;Rubik|500||on|||||&#8221; header_2_text_color=&#8221;#ff8f00&#8243; header_2_font_size=&#8221;14px&#8221; header_2_letter_spacing=&#8221;1px&#8221; header_2_line_height=&#8221;1.5em&#8221; header_3_font=&#8221;Rubik|500|||||||&#8221; header_3_font_size=&#8221;38px&#8221; header_3_line_height=&#8221;1.4em&#8221; header_2_font_size_tablet=&#8221;42px&#8221; header_2_font_size_phone=&#8221;32px&#8221; header_2_font_size_last_edited=&#8221;off|desktop&#8221; header_3_font_size_tablet=&#8221;28px&#8221; header_3_font_size_phone=&#8221;20px&#8221; header_3_font_size_last_edited=&#8221;on|phone&#8221; global_colors_info=&#8221;{}&#8221;][\/et_pb_text][et_pb_text _builder_version=&#8221;4.27.4&#8243; text_font=&#8221;||||||||&#8221; text_font_size=&#8221;16px&#8221; text_line_height=&#8221;2em&#8221; header_font=&#8221;||||||||&#8221; header_2_font=&#8221;Rubik|500|||||||&#8221; header_2_text_color=&#8221;gcid-9bb9bfe2-980a-472b-9544-d767cdb4022e&#8221; header_2_font_size=&#8221;35px&#8221; header_2_line_height=&#8221;1.3em&#8221; header_3_font=&#8221;Rubik|500|||||||&#8221; header_3_font_size=&#8221;38px&#8221; header_3_line_height=&#8221;1.4em&#8221; header_2_font_size_tablet=&#8221;42px&#8221; header_2_font_size_phone=&#8221;32px&#8221; header_2_font_size_last_edited=&#8221;off|desktop&#8221; header_3_font_size_tablet=&#8221;28px&#8221; header_3_font_size_phone=&#8221;20px&#8221; header_3_font_size_last_edited=&#8221;on|phone&#8221; global_colors_info=&#8221;{%22gcid-9bb9bfe2-980a-472b-9544-d767cdb4022e%22:%91%22header_2_text_color%22%93}&#8221;]<\/p>\n<h2 style=\"text-align: center;\">Hangi vizeye ihtiyac\u0131n var?<\/h2>\n<p>[\/et_pb_text][\/et_pb_column][\/et_pb_row][et_pb_row column_structure=&#8221;1_3,1_3,1_3&#8243; _builder_version=&#8221;4.16&#8243; custom_padding=&#8221;27px|0px|0|0px|false|false&#8221; locked=&#8221;off&#8221; global_colors_info=&#8221;{}&#8221;][et_pb_column type=&#8221;1_3&#8243; _builder_version=&#8221;4.16&#8243; custom_padding=&#8221;|||&#8221; global_colors_info=&#8221;%91%93&#8243; custom_padding__hover=&#8221;|||&#8221;][et_pb_blurb title=&#8221;Schengen vizesi: 90 g\u00fcn&#8221; image=&#8221;https:\/\/germaninstitute.com\/de\/wp-content\/uploads\/2025\/02\/plane-150&#215;150-1.png&#8221; content_max_width=&#8221;1100px&#8221; _builder_version=&#8221;4.18.0&#8243; header_font=&#8221;Rubik||||||||&#8221; header_line_height=&#8221;1.4em&#8221; body_line_height=&#8221;2em&#8221; text_orientation=&#8221;center&#8221; locked=&#8221;off&#8221; global_colors_info=&#8221;{}&#8221;][\/et_pb_blurb][et_pb_text _builder_version=&#8221;4.18.0&#8243; _module_preset=&#8221;default&#8221; global_colors_info=&#8221;{}&#8221;]<\/p>\n<ul>\n<li>Almanya&#8217;ya ve di\u011fer 25 Avrupa \u00fclkesine seyahat edebilirsin.<\/li>\n<li>\u0130stedi\u011fin Almanca kursuna kat\u0131labilirsin: Yo\u011fun(Intensiv) kurs veya ak\u015fam Almanca kursu.<\/li>\n<li>Dil vizesini di\u011fer vizelere g\u00f6re \u00e7ok daha kolay alabilirsin.<\/li>\n<\/ul>\n<p>[\/et_pb_text][\/et_pb_column][et_pb_column type=&#8221;1_3&#8243; _builder_version=&#8221;4.16&#8243; custom_padding=&#8221;|||&#8221; global_colors_info=&#8221;%91%93&#8243; custom_padding__hover=&#8221;|||&#8221;][et_pb_blurb title=&#8221;Dil kursu vizesi: 12 aya kadar&#8221; image=&#8221;https:\/\/germaninstitute.com\/de\/wp-content\/uploads\/2025\/02\/conversation-150&#215;150-1.png&#8221; content_max_width=&#8221;1100px&#8221; _builder_version=&#8221;4.18.0&#8243; header_font=&#8221;Rubik||||||||&#8221; header_line_height=&#8221;1.4em&#8221; body_line_height=&#8221;2em&#8221; text_orientation=&#8221;center&#8221; locked=&#8221;off&#8221; global_colors_info=&#8221;{}&#8221;][\/et_pb_blurb][et_pb_text _builder_version=&#8221;4.18.0&#8243; _module_preset=&#8221;default&#8221; global_colors_info=&#8221;{}&#8221;]<\/p>\n<ul>\n<li>Dil vizesi i\u00e7in Almanya&#8217;ya gelmeden <u>\u00f6nce<\/u> ba\u015fvurman gerekiyor.<\/li>\n<li>Vizen, Almanca kursunun s\u00fcresi kadar ge\u00e7erlidir.<\/li>\n<\/ul>\n<p>[\/et_pb_text][\/et_pb_column][et_pb_column type=&#8221;1_3&#8243; _builder_version=&#8221;4.16&#8243; custom_padding=&#8221;|||&#8221; global_colors_info=&#8221;%91%93&#8243; custom_padding__hover=&#8221;|||&#8221;][et_pb_blurb title=&#8221;\u00dcniversite haz\u0131rl\u0131k vizesi: 2 y\u0131la kadar&#8221; image=&#8221;https:\/\/germaninstitute.com\/de\/wp-content\/uploads\/2025\/02\/hat-150&#215;150-1.png&#8221; content_max_width=&#8221;1100px&#8221; _builder_version=&#8221;4.18.0&#8243; header_font=&#8221;Rubik||||||||&#8221; header_line_height=&#8221;1.4em&#8221; body_line_height=&#8221;2em&#8221; text_orientation=&#8221;center&#8221; locked=&#8221;off&#8221; global_colors_info=&#8221;{}&#8221;][\/et_pb_blurb][et_pb_text _builder_version=&#8221;4.18.0&#8243; _module_preset=&#8221;default&#8221; global_colors_info=&#8221;{}&#8221;]<\/p>\n<ul>\n<li>Almanya&#8217;da okumak istiyorsun.<\/li>\n<li>Almanya&#8217;da \u00fcniversite e\u011fitimine haz\u0131rlanmak istiyorsun.<\/li>\n<li>Bir Alman \u00fcniversitesinden kabul belgesine ihtiyac\u0131n var.<\/li>\n<\/ul>\n<p>[\/et_pb_text][\/et_pb_column][\/et_pb_row][\/et_pb_section][et_pb_section fb_built=&#8221;1&#8243; admin_label=&#8221;Support&#8221; _builder_version=&#8221;4.16&#8243; global_colors_info=&#8221;{}&#8221;][et_pb_row _builder_version=&#8221;4.16&#8243; global_colors_info=&#8221;{}&#8221;][et_pb_column type=&#8221;4_4&#8243; _builder_version=&#8221;4.16&#8243; custom_padding=&#8221;|||&#8221; global_colors_info=&#8221;%91%93&#8243; custom_padding__hover=&#8221;|||&#8221;][et_pb_text _builder_version=&#8221;4.27.4&#8243; text_font=&#8221;Rubik||||||||&#8221; text_text_color=&#8221;gcid-ee89fd9f-afc5-4939-817c-0a17ac90288c&#8221; text_line_height=&#8221;2em&#8221; header_2_font=&#8221;Rubik|500|||||||&#8221; header_2_text_color=&#8221;gcid-9bb9bfe2-980a-472b-9544-d767cdb4022e&#8221; header_2_font_size=&#8221;40px&#8221; header_2_line_height=&#8221;1.3em&#8221; header_3_font=&#8221;Rubik|500|||||||&#8221; header_3_font_size=&#8221;38px&#8221; header_3_line_height=&#8221;1.4em&#8221; text_orientation=&#8221;center&#8221; max_width=&#8221;700px&#8221; module_alignment=&#8221;center&#8221; header_2_font_size_tablet=&#8221;42px&#8221; header_2_font_size_phone=&#8221;32px&#8221; header_2_font_size_last_edited=&#8221;off|desktop&#8221; header_3_font_size_tablet=&#8221;28px&#8221; header_3_font_size_phone=&#8221;20px&#8221; header_3_font_size_last_edited=&#8221;on|phone&#8221; locked=&#8221;off&#8221; global_colors_info=&#8221;{%22gcid-ee89fd9f-afc5-4939-817c-0a17ac90288c%22:%91%22text_text_color%22%93,%22gcid-9bb9bfe2-980a-472b-9544-d767cdb4022e%22:%91%22header_2_text_color%22%93}&#8221;]<\/p>\n<p>V\u0130ZE &#8211; BELGELER<\/p>\n<h2><a name=\"_Toc113301390\"><\/a>Finansal kan\u0131t<o:p><\/o:p><\/h2>\n<p>[\/et_pb_text][et_pb_text _builder_version=&#8221;4.27.4&#8243; _module_preset=&#8221;default&#8221; text_font_size=&#8221;18px&#8221; global_colors_info=&#8221;{}&#8221;]<\/p>\n<p style=\"font-weight: 400; text-align: center;\">Ayl\u0131k en az 934 Euro\u2019nun oldu\u011funu kan\u0131tlamal\u0131s\u0131n. Almanya\u2019daki ya\u015fam\u0131n\u0131 kim finanse ediyor? <\/p>\n<p>[\/et_pb_text][\/et_pb_column][\/et_pb_row][et_pb_row column_structure=&#8221;1_2,1_2&#8243; _builder_version=&#8221;4.16&#8243; custom_margin=&#8221;||0px|&#8221; locked=&#8221;off&#8221; global_colors_info=&#8221;{}&#8221;][et_pb_column type=&#8221;1_2&#8243; _builder_version=&#8221;4.16&#8243; custom_padding=&#8221;|||&#8221; global_colors_info=&#8221;%91%93&#8243; custom_padding__hover=&#8221;|||&#8221;][et_pb_toggle title=&#8221;Ebeveynlerim veya di\u011fer yak\u0131n ki\u015filer Almanya&#8217;daki hayat\u0131m\u0131 finanse edecek.&#8221; open_toggle_background_color=&#8221;rgba(0,0,0,0)&#8221; closed_toggle_background_color=&#8221;rgba(0,0,0,0)&#8221; _builder_version=&#8221;4.16&#8243; title_font=&#8221;Rubik||||||||&#8221; title_line_height=&#8221;1.6em&#8221; body_font=&#8221;||||||||&#8221; body_text_color=&#8221;rgba(0,0,0,0.6)&#8221; body_font_size=&#8221;16px&#8221; body_line_height=&#8221;2em&#8221; custom_margin=&#8221;||0px|&#8221; custom_padding=&#8221;|0px||0px||true&#8221; border_width_all=&#8221;0px&#8221; border_color_all=&#8221;rgba(51,51,51,0.06)&#8221; border_width_bottom=&#8221;1px&#8221; border_color_bottom=&#8221;rgba(0,0,0,0.1)&#8221; global_colors_info=&#8221;{}&#8221;]<\/p>\n<ul>\n<li style=\"font-weight: 400;\"><span>Seni maddi olarak destekleyen ebeveynlerinden veya yak\u0131n bir ki\u015fiden a\u00e7\u0131klama yaz\u0131s\u0131.<\/span><\/li>\n<li style=\"font-weight: 400;\">Ebeveynlerinden seni maddi olarak destekleyeceklerine dair yaz\u0131l\u0131 beyan (Orijinal, noter veya Alman konsoloslu\u011fu taraf\u0131ndan onaylanm\u0131\u015f imza)<\/li>\n<li style=\"font-weight: 400;\"><span style=\"color: rgba(0, 0, 0, 0.6);\">Son 6 aya ait maa\u015f bordrolar\u0131<\/span><\/li>\n<li style=\"font-weight: 400;\"><span style=\"color: rgba(0, 0, 0, 0.6);\">Son 6 aya ait banka hesap \u00f6zeti<\/span><\/li>\n<li style=\"font-weight: 400;\"><span style=\"color: rgba(0, 0, 0, 0.6);\">Ebeveynlerin i\u015f s\u00f6zle\u015fmesinin bir kopyas\u0131 (talep \u00fczerine)<\/span><\/li>\n<\/ul>\n<p>[\/et_pb_toggle][et_pb_toggle title=&#8221;Ba\u015fka bir ki\u015fi Almanya&#8217;daki hayat\u0131m\u0131 finanse ediyor.&#8221; open_toggle_background_color=&#8221;rgba(0,0,0,0)&#8221; closed_toggle_background_color=&#8221;rgba(0,0,0,0)&#8221; _builder_version=&#8221;4.18.0&#8243; title_font=&#8221;Rubik||||||||&#8221; title_line_height=&#8221;1.6em&#8221; body_font=&#8221;||||||||&#8221; body_text_color=&#8221;rgba(0,0,0,0.6)&#8221; body_font_size=&#8221;16px&#8221; body_line_height=&#8221;2em&#8221; custom_margin=&#8221;||0px|&#8221; custom_padding=&#8221;|0px||0px||true&#8221; border_width_all=&#8221;0px&#8221; border_color_all=&#8221;rgba(51,51,51,0.06)&#8221; border_width_bottom=&#8221;1px&#8221; border_color_bottom=&#8221;rgba(0,0,0,0.1)&#8221; global_colors_info=&#8221;{}&#8221;]<\/p>\n<p>Bir taahh\u00fctnameye ihtiyac\u0131n var. Ba\u015fka bir ki\u015fi Almanya&#8217;daki hayat\u0131m\u0131 finanse ediyor. Taahh\u00fctname formlar\u0131 ve daha fazla bilgiyi <a href=\"https:\/\/www.stuttgart.de\/vv\/leistungen\/verpflichtungserklaerung-fuer-besuchervisum-beantragen.php\" target=\"_blank\" rel=\"noopener\">burada<\/a> bulabilirsin. <\/p>\n<p>[\/et_pb_toggle][et_pb_toggle title=&#8221;Almanya&#8217;daki hayat\u0131m\u0131 kendim finanse edece\u011fim.&#8221; open_toggle_background_color=&#8221;rgba(0,0,0,0)&#8221; closed_toggle_background_color=&#8221;rgba(0,0,0,0)&#8221; _builder_version=&#8221;4.18.0&#8243; title_font=&#8221;Rubik||||||||&#8221; title_line_height=&#8221;1.6em&#8221; body_font=&#8221;||||||||&#8221; body_text_color=&#8221;rgba(0,0,0,0.6)&#8221; body_font_size=&#8221;16px&#8221; body_line_height=&#8221;2em&#8221; custom_margin=&#8221;||0px|&#8221; custom_padding=&#8221;|0px||0px||true&#8221; border_width_all=&#8221;0px&#8221; border_color_all=&#8221;rgba(51,51,51,0.06)&#8221; border_width_bottom=&#8221;1px&#8221; border_color_bottom=&#8221;rgba(0,0,0,0.1)&#8221; global_colors_info=&#8221;{}&#8221;]<\/p>\n<p style=\"font-weight: 400;\">\n<ul>\n<li>Bir bloke hesaba ihtiyac\u0131n var.<\/li>\n<li>Yabanc\u0131 \u00f6\u011frenciler i\u00e7in Almanya&#8217;da \u00f6zel hesap<\/li>\n<li>1 y\u0131l: yakla\u015f\u0131k 11.208 Euro.<\/li>\n<li>Ayda sadece 934 Euro \u00e7ekebilirsin.<\/li>\n<li>Hesab\u0131 yaln\u0131zca yabanc\u0131 temsilcili\u011fin\/yabanc\u0131lar dairesinin onay\u0131 ile kapatabilirsin.<\/li>\n<\/ul>\n<p>[\/et_pb_toggle][\/et_pb_column][et_pb_column type=&#8221;1_2&#8243; _builder_version=&#8221;4.16&#8243; custom_padding=&#8221;|||&#8221; global_colors_info=&#8221;%91%93&#8243; custom_padding__hover=&#8221;|||&#8221;][et_pb_toggle title=&#8221;Kredi \u00e7ekmek istiyorum.&#8221; open_toggle_background_color=&#8221;rgba(0,0,0,0)&#8221; closed_toggle_background_color=&#8221;rgba(0,0,0,0)&#8221; _builder_version=&#8221;4.18.0&#8243; title_font=&#8221;Rubik||||||||&#8221; title_line_height=&#8221;1.6em&#8221; body_font=&#8221;||||||||&#8221; body_text_color=&#8221;rgba(0,0,0,0.6)&#8221; body_font_size=&#8221;16px&#8221; body_line_height=&#8221;2em&#8221; custom_margin=&#8221;||0px|&#8221; custom_padding=&#8221;|0px||0px||true&#8221; border_width_all=&#8221;0px&#8221; border_color_all=&#8221;rgba(51,51,51,0.06)&#8221; border_width_bottom=&#8221;1px&#8221; border_color_bottom=&#8221;rgba(0,0,0,0.1)&#8221; global_colors_info=&#8221;{}&#8221;]<\/p>\n<p style=\"font-weight: 400;\">Kredi \u00e7ekmek istiyorum.<\/p>\n<p style=\"font-weight: 400;\">&#8211; Finansal kan\u0131t olarak kredi<\/p>\n<p style=\"font-weight: 400;\">&#8211; Banka garantisi alacaks\u0131n<\/p>\n<p style=\"font-weight: 400;\">&#8211; Baz\u0131 kredi kurulu\u015flar\u0131 Almanya&#8217;daki yabanc\u0131 \u00f6\u011frencileri veya Almanca \u00f6\u011frenenleri destekliyor<\/p>\n<p>[\/et_pb_toggle][et_pb_toggle title=&#8221;Burs ile ilgileniyorum.&#8221; open_toggle_background_color=&#8221;rgba(0,0,0,0)&#8221; closed_toggle_background_color=&#8221;rgba(0,0,0,0)&#8221; _builder_version=&#8221;4.16&#8243; title_font=&#8221;Rubik||||||||&#8221; title_line_height=&#8221;1.6em&#8221; body_font=&#8221;||||||||&#8221; body_text_color=&#8221;rgba(0,0,0,0.6)&#8221; body_font_size=&#8221;16px&#8221; body_line_height=&#8221;2em&#8221; custom_margin=&#8221;||0px|&#8221; custom_padding=&#8221;|0px||0px||true&#8221; border_width_all=&#8221;0px&#8221; border_color_all=&#8221;rgba(51,51,51,0.06)&#8221; border_width_bottom=&#8221;1px&#8221; border_color_bottom=&#8221;rgba(0,0,0,0.1)&#8221; global_colors_info=&#8221;{}&#8221;]<\/p>\n<p style=\"font-weight: 400;\"><a href=\"https:\/\/www2.daad.de\/deutschland\/stipendium\/datenbank\/de\/21148-stipendiendatenbank\/\" target=\"_blank\" rel=\"noopener\">DAAD<\/a><\/p>\n<p style=\"font-weight: 400;\"><a href=\"https:\/\/www.obs-ev.de\/\" target=\"_blank\" rel=\"noopener\">OBS<\/a><\/p>\n<p style=\"font-weight: 400;\"><a href=\"https:\/\/www.fes.de\/\" target=\"_blank\" rel=\"noopener\">Friedrich-Ebert Vakf\u0131<\/a><\/p>\n<p style=\"font-weight: 400;\"><a href=\"https:\/\/www.freiheit.org\/de\" target=\"_blank\" rel=\"noopener\">Friedrich-Naumann Vakf\u0131<\/a><\/p>\n<p style=\"font-weight: 400;\"><a href=\"https:\/\/www.boell.de\/de\" target=\"_blank\" rel=\"noopener\">Heinrich-B\u00f6ll Vakf\u0131 e.V.<\/a><\/p>\n<p style=\"font-weight: 400;\"><a href=\"https:\/\/www.rosalux.de\/stiftung\/studienwerk\" target=\"_blank\" rel=\"noopener\">Rosa-Luxemburg Vakf\u0131<\/a><\/p>\n<p style=\"font-weight: 400;\"><a href=\"https:\/\/www.sdw.org\/das-bieten-wir\/fuer-studierende\/studienfoerderwerk-klaus-murmann\/ueberblick.html\" target=\"_blank\" rel=\"noopener\">Alman Ekonomi Vakf\u0131<\/a><\/p>\n<p style=\"font-weight: 400;\"><a href=\"https:\/\/www.brot-fuer-die-welt.de\/projekte\/stipendien\/\" target=\"_blank\" rel=\"noopener\">Brot f\u00fcr die Welt<\/a><\/p>\n<p style=\"font-weight: 400;\"><a href=\"https:\/\/www.deutschlandstipendium.de\/deutschlandstipendium\/de\/home\/home_node\" target=\"_blank\" rel=\"noopener\">BMBF&#8217;nin Almanya Bursu<\/a><\/p>\n<p style=\"font-weight: 400;\"><a href=\"https:\/\/www.kaad.de\/stipendien\/\" target=\"_blank\" rel=\"noopener\">Katolik Akademik Yabanc\u0131 Hizmeti<\/a><\/p>\n<p style=\"font-weight: 400;\"><a href=\"https:\/\/www.uni-regensburg.de\/bayhost\/startseite\/index.html\" target=\"_blank\" rel=\"noopener\">Bayhost<\/a><\/p>\n<p style=\"font-weight: 400;\"><a href=\"https:\/\/www.fulbright.de\/about-us\/about-the-fulbright-program\" target=\"_blank\" rel=\"noopener\">Alman-Amerikan Fulbright Program\u0131<\/a><\/p>\n<p style=\"font-weight: 400;\"><a href=\"https:\/\/www.elitenetzwerk.bayern.de\/start\/foerderangebote\/max-weber-programm\" target=\"_blank\" rel=\"noopener\">Bavyera Elit A\u011f\u0131<\/a><\/p>\n<p style=\"font-weight: 400;\"><a href=\"https:\/\/www.baybids.de\/motivationsstipendien.html\" target=\"_blank\" rel=\"noopener\">BayBIDS-Motivasyon Bursu<\/a><\/p>\n<p style=\"font-weight: 400;\"><a href=\"https:\/\/erasmus-plus.ec.europa.eu\/\" target=\"_blank\" rel=\"noopener\">Erasmus+<\/a><\/p>\n<p style=\"font-weight: 400;\"><a href=\"https:\/\/www.euraxess.de\/de\/funding\/search\" target=\"_blank\" rel=\"noopener\">Bilim insanlar\u0131 i\u00e7in destek programlar\u0131<\/a><\/p>\n<p>[\/et_pb_toggle][\/et_pb_column][\/et_pb_row][\/et_pb_section][et_pb_section fb_built=&#8221;1&#8243; admin_label=&#8221;Support&#8221; _builder_version=&#8221;4.16&#8243; global_colors_info=&#8221;{}&#8221;][et_pb_row _builder_version=&#8221;4.16&#8243; global_colors_info=&#8221;{}&#8221;][et_pb_column type=&#8221;4_4&#8243; _builder_version=&#8221;4.16&#8243; custom_padding=&#8221;|||&#8221; global_colors_info=&#8221;%91%93&#8243; custom_padding__hover=&#8221;|||&#8221;][et_pb_text _builder_version=&#8221;4.27.4&#8243; text_font=&#8221;Rubik||||||||&#8221; text_text_color=&#8221;gcid-ee89fd9f-afc5-4939-817c-0a17ac90288c&#8221; text_line_height=&#8221;2em&#8221; header_2_font=&#8221;Rubik|500|||||||&#8221; header_2_text_color=&#8221;gcid-9bb9bfe2-980a-472b-9544-d767cdb4022e&#8221; header_2_font_size=&#8221;40px&#8221; header_2_line_height=&#8221;1.3em&#8221; header_3_font=&#8221;Rubik|500|||||||&#8221; header_3_font_size=&#8221;38px&#8221; header_3_line_height=&#8221;1.4em&#8221; text_orientation=&#8221;center&#8221; max_width=&#8221;700px&#8221; module_alignment=&#8221;center&#8221; header_2_font_size_tablet=&#8221;42px&#8221; header_2_font_size_phone=&#8221;32px&#8221; header_2_font_size_last_edited=&#8221;off|desktop&#8221; header_3_font_size_tablet=&#8221;28px&#8221; header_3_font_size_phone=&#8221;20px&#8221; header_3_font_size_last_edited=&#8221;on|phone&#8221; locked=&#8221;off&#8221; global_colors_info=&#8221;{%22gcid-ee89fd9f-afc5-4939-817c-0a17ac90288c%22:%91%22text_text_color%22%93,%22gcid-9bb9bfe2-980a-472b-9544-d767cdb4022e%22:%91%22header_2_text_color%22%93}&#8221;]<\/p>\n<p>V\u0130ZE &#8211; BELGELER<\/p>\n<h2>Sa\u011fl\u0131k Sigortas\u0131<\/h2>\n<p>[\/et_pb_text][et_pb_text _builder_version=&#8221;4.27.4&#8243; _module_preset=&#8221;default&#8221; text_font_size=&#8221;18px&#8221; global_colors_info=&#8221;{}&#8221;]<\/p>\n<p style=\"font-weight: 400; text-align: center;\">AB\/AEA \u00fcyesi olmayan \u00fclkelerden gelen k\u0131sa s\u00fcreli \u00f6\u011frenciler (de\u011fi\u015fim \u00f6\u011frencileri ve serbest hareketli \u00f6\u011frenciler) ve tam zamanl\u0131 \u00f6\u011frenciler, Alman yasal sa\u011fl\u0131k sigortas\u0131 yapt\u0131rmak zorundad\u0131r.<\/p>\n<p>[\/et_pb_text][\/et_pb_column][\/et_pb_row][et_pb_row column_structure=&#8221;1_2,1_2&#8243; _builder_version=&#8221;4.16&#8243; custom_margin=&#8221;||0px|&#8221; locked=&#8221;off&#8221; global_colors_info=&#8221;{}&#8221;][et_pb_column type=&#8221;1_2&#8243; _builder_version=&#8221;4.16&#8243; custom_padding=&#8221;|||&#8221; global_colors_info=&#8221;%91%93&#8243; custom_padding__hover=&#8221;|||&#8221;][et_pb_toggle title=&#8221;Sa\u011fl\u0131k sigortas\u0131n\u0131n \u00f6nemli kriterleri&#8221; open_toggle_background_color=&#8221;rgba(0,0,0,0)&#8221; closed_toggle_background_color=&#8221;rgba(0,0,0,0)&#8221; _builder_version=&#8221;4.16&#8243; title_font=&#8221;Rubik||||||||&#8221; title_line_height=&#8221;1.6em&#8221; body_font=&#8221;||||||||&#8221; body_text_color=&#8221;rgba(0,0,0,0.6)&#8221; body_font_size=&#8221;16px&#8221; body_line_height=&#8221;2em&#8221; custom_margin=&#8221;||0px|&#8221; custom_padding=&#8221;|0px||0px||true&#8221; border_width_all=&#8221;0px&#8221; border_color_all=&#8221;rgba(51,51,51,0.06)&#8221; border_width_bottom=&#8221;1px&#8221; border_color_bottom=&#8221;rgba(0,0,0,0.1)&#8221; global_colors_info=&#8221;{}&#8221;]<\/p>\n<ul>\n<li>y\u00fcksek doktor ve hastane masraflar\u0131n\u0131 kar\u015f\u0131lar<\/li>\n<li>anavatana sa\u011fl\u0131k geri d\u00f6n\u00fc\u015f transferi<\/li>\n<\/ul>\n<p>[\/et_pb_toggle][et_pb_toggle title=&#8221;AB veya Lihten\u015ftayn, \u0130zlanda, Norve\u00e7 ya da \u0130svi\u00e7re&#8217;den geliyorum.&#8221; open_toggle_background_color=&#8221;rgba(0,0,0,0)&#8221; closed_toggle_background_color=&#8221;rgba(0,0,0,0)&#8221; _builder_version=&#8221;4.16&#8243; title_font=&#8221;Rubik||||||||&#8221; title_line_height=&#8221;1.6em&#8221; body_font=&#8221;||||||||&#8221; body_text_color=&#8221;rgba(0,0,0,0.6)&#8221; body_font_size=&#8221;16px&#8221; body_line_height=&#8221;2em&#8221; custom_margin=&#8221;||0px|&#8221; custom_padding=&#8221;|0px||0px||true&#8221; border_width_all=&#8221;0px&#8221; border_color_all=&#8221;rgba(51,51,51,0.06)&#8221; border_width_bottom=&#8221;1px&#8221; border_color_bottom=&#8221;rgba(0,0,0,0.1)&#8221; global_colors_info=&#8221;{}&#8221;]<\/p>\n<div><span>Kendi \u00fclkendeki sa\u011fl\u0131k sigortas\u0131 \u00fczerinden Almanya&#8217;da sigortal\u0131s\u0131n.<\/span><\/div>\n<div><\/div>\n<p>[\/et_pb_toggle][et_pb_toggle title=&#8221;T\u00fcrkiye, Tunus, Bosna-Hersek, Kuzey Makedonya, Karada\u011f veya S\u0131rbistan&#8217;dan geliyorum.&#8221; open_toggle_background_color=&#8221;rgba(0,0,0,0)&#8221; closed_toggle_background_color=&#8221;rgba(0,0,0,0)&#8221; _builder_version=&#8221;4.16&#8243; title_font=&#8221;Rubik||||||||&#8221; title_line_height=&#8221;1.6em&#8221; body_font=&#8221;||||||||&#8221; body_text_color=&#8221;rgba(0,0,0,0.6)&#8221; body_font_size=&#8221;16px&#8221; body_line_height=&#8221;2em&#8221; custom_margin=&#8221;||0px|&#8221; custom_padding=&#8221;|0px||0px||true&#8221; border_width_all=&#8221;0px&#8221; border_color_all=&#8221;rgba(51,51,51,0.06)&#8221; border_width_bottom=&#8221;1px&#8221; border_color_bottom=&#8221;rgba(0,0,0,0.1)&#8221; global_colors_info=&#8221;{}&#8221;]<\/p>\n<p style=\"font-weight: 400;\">\u00dclken sosyal g\u00fcvenlik konusunda ikili bir anla\u015fmaya sahip. Almanya&#8217;da t\u0131bbi yard\u0131m, hastal\u0131k ve anal\u0131k paras\u0131 alma hakk\u0131na sahip olabilirsin. Kay\u0131t i\u00e7in sa\u011fl\u0131k sigortas\u0131na ihtiyac\u0131n olmayabilir.  <\/p>\n<p>[\/et_pb_toggle][\/et_pb_column][et_pb_column type=&#8221;1_2&#8243; _builder_version=&#8221;4.16&#8243; custom_padding=&#8221;|||&#8221; global_colors_info=&#8221;%91%93&#8243; custom_padding__hover=&#8221;|||&#8221;][et_pb_toggle title=&#8221;\u00d6\u011frenciyim ve 30 ya\u015f\u0131ndan k\u00fc\u00e7\u00fc\u011f\u00fcm.&#8221; open_toggle_background_color=&#8221;rgba(0,0,0,0)&#8221; closed_toggle_background_color=&#8221;rgba(0,0,0,0)&#8221; _builder_version=&#8221;4.16&#8243; title_font=&#8221;Rubik||||||||&#8221; title_line_height=&#8221;1.6em&#8221; body_font=&#8221;||||||||&#8221; body_text_color=&#8221;rgba(0,0,0,0.6)&#8221; body_font_size=&#8221;16px&#8221; body_line_height=&#8221;2em&#8221; custom_margin=&#8221;||0px|&#8221; custom_padding=&#8221;|0px||0px||true&#8221; border_width_all=&#8221;0px&#8221; border_color_all=&#8221;rgba(51,51,51,0.06)&#8221; border_width_bottom=&#8221;1px&#8221; border_color_bottom=&#8221;rgba(0,0,0,0.1)&#8221; global_colors_info=&#8221;{}&#8221;]<\/p>\n<p>Ayl\u0131k yakla\u015f\u0131k 105-110 Euro kar\u015f\u0131l\u0131\u011f\u0131nda bir Alman yasal sa\u011fl\u0131k sigortas\u0131 \u015firketinde \u00f6\u011frenci olarak sigorta yapt\u0131rabilirsin.<\/p>\n<ul>\n<li><a href=\"https:\/\/www.aok.de\/pk\/krankenkassenbeitraege\/studenten\/\" target=\"_blank\" rel=\"noopener\">AOK<\/a><\/li>\n<li><a href=\"https:\/\/www.tk.de\/service\/form\/2017846\/mitgliedwerden\/mitgliedwerden.form#sDV\" target=\"_blank\" rel=\"noopener\">Techniker<\/a><\/li>\n<li><a href=\"https:\/\/www.barmer.de\/en\/students\" target=\"_blank\" rel=\"noopener\">Barmer<\/a><\/li>\n<li><a href=\"https:\/\/mitgliedwerden.dak.de\/prweb\/OSTool\/S8o1wUJA7iJFnkCy2E8wfw%5B%5B*\/!STANDARD?OC=OC857AC764E2D041DCDF3E771694944196&amp;pzuiactionzzz=CXtpbn0xNFdwSExBVlBYeU9Ba0RYR2FvN2MyNWlPVExOTmZhWlAwYTNzRFYzY3FITk9LVVNGemhNTmRKZk1uZVZncm9aMEorOVhCaGdBc0dWbE4zMGVFTTdqUThjRTB5MlBZSkh5QkZXRGIwdDk4cGVqdFJkN01CZ1Z4VWRnWHFtQS9Baw%3D%3D*\" target=\"_blank\" rel=\"noopener\">DAK<\/a><\/li>\n<\/ul>\n<p>[\/et_pb_toggle][et_pb_toggle title=&#8221;\u00d6\u011frenciyim ama 30 ya\u015f\u0131ndan b\u00fcy\u00fc\u011f\u00fcm.&#8221; open_toggle_background_color=&#8221;rgba(0,0,0,0)&#8221; closed_toggle_background_color=&#8221;rgba(0,0,0,0)&#8221; _builder_version=&#8221;4.16&#8243; title_font=&#8221;Rubik||||||||&#8221; title_line_height=&#8221;1.6em&#8221; body_font=&#8221;||||||||&#8221; body_text_color=&#8221;rgba(0,0,0,0.6)&#8221; body_font_size=&#8221;16px&#8221; body_line_height=&#8221;2em&#8221; custom_margin=&#8221;||0px|&#8221; custom_padding=&#8221;|0px||0px||true&#8221; border_width_all=&#8221;0px&#8221; border_color_all=&#8221;rgba(51,51,51,0.06)&#8221; border_width_bottom=&#8221;1px&#8221; border_color_bottom=&#8221;rgba(0,0,0,0.1)&#8221; global_colors_info=&#8221;{}&#8221;]<\/p>\n<ul>\n<li>Bir Alman \u00f6zel sa\u011fl\u0131k sigortas\u0131 \u015firketinde sigorta yapt\u0131rmal\u0131s\u0131n.<\/li>\n<li>Faturalar\u0131 \u00f6nce kendin \u00f6demelisin. \u00d6zel sa\u011fl\u0131k sigortas\u0131 daha sonra sana paray\u0131 geri \u00f6der. <\/li>\n<\/ul>\n<p>[\/et_pb_toggle][et_pb_toggle title=&#8221;\u00d6\u011frenci de\u011filim. Vize ba\u015fvurusu i\u00e7in sigortaya ihtiyac\u0131m var. &#8221; open_toggle_background_color=&#8221;rgba(0,0,0,0)&#8221; closed_toggle_background_color=&#8221;rgba(0,0,0,0)&#8221; _builder_version=&#8221;4.16&#8243; title_font=&#8221;Rubik||||||||&#8221; title_line_height=&#8221;1.6em&#8221; body_font=&#8221;||||||||&#8221; body_text_color=&#8221;rgba(0,0,0,0.6)&#8221; body_font_size=&#8221;16px&#8221; body_line_height=&#8221;2em&#8221; custom_margin=&#8221;||0px|&#8221; custom_padding=&#8221;|0px||0px||true&#8221; border_width_all=&#8221;0px&#8221; border_color_all=&#8221;rgba(51,51,51,0.06)&#8221; border_width_bottom=&#8221;1px&#8221; border_color_bottom=&#8221;rgba(0,0,0,0.1)&#8221; global_colors_info=&#8221;{}&#8221;]<\/p>\n<p style=\"font-weight: 400;\">Seyahat sigortas\u0131na ihtiyac\u0131n var. Ayr\u0131ca bloke hesap a\u00e7mak istiyorsan, bir tasarruf paketi sat\u0131n alabilirsin. <\/p>\n<ul>\n<li style=\"font-weight: 400;\"><a href=\"https:\/\/www.expatrio.com\/value-package\" target=\"_blank\" rel=\"noopener\">Expatrio<\/a><\/li>\n<li style=\"font-weight: 400;\"><a href=\"https:\/\/www.coracle.de\/\" target=\"_blank\" rel=\"noopener\">Coracle<\/a><\/li>\n<li style=\"font-weight: 400;\"><a href=\"https:\/\/www.fintiba.com\/solutions\/plus-blocked-account-health-insurance\/?gclid=Cj0KCQjw08aYBhDlARIsAA_gb0fMpoectKrz-TOYg4CUlQCUkV6zr7voGtBfEUYd-X9b63E51rosVAoaAorPEALw_wcB\" target=\"_blank\" rel=\"noopener\">Fintiba<\/a><\/li>\n<\/ul>\n<p>[\/et_pb_toggle][\/et_pb_column][\/et_pb_row][et_pb_row _builder_version=&#8221;4.18.0&#8243; min_height=&#8221;93.2px&#8221; custom_margin=&#8221;22px|auto||auto||&#8221; custom_padding=&#8221;||23px|||&#8221; global_colors_info=&#8221;{}&#8221;][et_pb_column type=&#8221;4_4&#8243; _builder_version=&#8221;4.16&#8243; custom_padding=&#8221;|||&#8221; global_colors_info=&#8221;%91%93&#8243; custom_padding__hover=&#8221;|||&#8221;][et_pb_text _builder_version=&#8221;4.27.4&#8243; text_font=&#8221;||||||||&#8221; text_font_size=&#8221;16px&#8221; text_line_height=&#8221;2em&#8221; header_2_font=&#8221;Rubik|500|||||||&#8221; header_2_text_color=&#8221;gcid-9bb9bfe2-980a-472b-9544-d767cdb4022e&#8221; header_2_font_size=&#8221;40px&#8221; header_2_line_height=&#8221;1.3em&#8221; header_3_font=&#8221;Rubik|500|||||||&#8221; header_3_font_size=&#8221;38px&#8221; header_3_line_height=&#8221;1.4em&#8221; text_orientation=&#8221;center&#8221; max_width=&#8221;700px&#8221; module_alignment=&#8221;center&#8221; header_2_font_size_tablet=&#8221;42px&#8221; header_2_font_size_phone=&#8221;32px&#8221; header_2_font_size_last_edited=&#8221;off|desktop&#8221; header_3_font_size_tablet=&#8221;28px&#8221; header_3_font_size_phone=&#8221;20px&#8221; header_3_font_size_last_edited=&#8221;on|phone&#8221; locked=&#8221;off&#8221; global_colors_info=&#8221;{%22gcid-9bb9bfe2-980a-472b-9544-d767cdb4022e%22:%91%22header_2_text_color%22%93}&#8221;]<\/p>\n<h2>Vizen i\u00e7in di\u011fer belgeler<\/h2>\n<p>[\/et_pb_text][\/et_pb_column][\/et_pb_row][et_pb_row column_structure=&#8221;1_2,1_2&#8243; _builder_version=&#8221;4.16&#8243; global_colors_info=&#8221;{}&#8221;][et_pb_column type=&#8221;1_2&#8243; _builder_version=&#8221;4.16&#8243; custom_padding=&#8221;|||&#8221; global_colors_info=&#8221;%91%93&#8243; custom_padding__hover=&#8221;|||&#8221;][et_pb_cta title=&#8221;Pasaport&#8221; button_url=&#8221;#&#8221; _builder_version=&#8221;4.18.0&#8243; header_font=&#8221;Rubik||||||||&#8221; header_line_height=&#8221;1.2em&#8221; body_font=&#8221;||||||||&#8221; body_font_size=&#8221;16px&#8221; body_line_height=&#8221;2em&#8221; use_background_color_gradient=&#8221;on&#8221; background_color_gradient_direction=&#8221;237deg&#8221; background_color_gradient_stops=&#8221;#46b3ff 0%|#0752fe 100%&#8221; background_color_gradient_start=&#8221;#46b3ff&#8221; background_color_gradient_end=&#8221;#0752fe&#8221; background_image=&#8221;https:\/\/germaninstitute.com\/de\/wp-content\/uploads\/2025\/02\/hosting-company-06.png&#8221; background_position=&#8221;bottom_left&#8221; custom_button=&#8221;on&#8221; button_text_size=&#8221;13px&#8221; button_text_color=&#8221;#ffffff&#8221; button_bg_color=&#8221;#263547&#8243; button_border_width=&#8221;10px&#8221; button_border_color=&#8221;rgba(0,0,0,0)&#8221; button_border_radius=&#8221;5px&#8221; button_letter_spacing=&#8221;1px&#8221; button_font=&#8221;Rubik|||on|||||&#8221; button_use_icon=&#8221;off&#8221; text_orientation=&#8221;left&#8221; custom_margin=&#8221;|||&#8221; custom_padding=&#8221;|||&#8221; custom_padding_phone=&#8221;|0px||&#8221; custom_padding_last_edited=&#8221;off|desktop&#8221; animation_style=&#8221;zoom&#8221; animation_intensity_zoom=&#8221;20%&#8221; border_radii=&#8221;on|24px|24px|24px|24px&#8221; box_shadow_style=&#8221;preset1&#8243; box_shadow_vertical=&#8221;90px&#8221; box_shadow_blur=&#8221;160px&#8221; box_shadow_color=&#8221;rgba(0,0,0,0.06)&#8221; box_shadow_style_button=&#8221;preset1&#8243; box_shadow_vertical_button=&#8221;20px&#8221; box_shadow_blur_button=&#8221;30px&#8221; box_shadow_color_button=&#8221;rgba(0,0,0,0.1)&#8221; button_letter_spacing_hover=&#8221;1px&#8221; locked=&#8221;off&#8221; global_colors_info=&#8221;{}&#8221; button_text_size__hover_enabled=&#8221;off&#8221; button_one_text_size__hover_enabled=&#8221;off&#8221; button_two_text_size__hover_enabled=&#8221;off&#8221; button_text_color__hover_enabled=&#8221;off&#8221; button_one_text_color__hover_enabled=&#8221;off&#8221; button_two_text_color__hover_enabled=&#8221;off&#8221; button_border_width__hover_enabled=&#8221;off&#8221; button_one_border_width__hover_enabled=&#8221;off&#8221; button_two_border_width__hover_enabled=&#8221;off&#8221; button_border_color__hover_enabled=&#8221;off&#8221; button_one_border_color__hover_enabled=&#8221;off&#8221; button_two_border_color__hover_enabled=&#8221;off&#8221; button_border_radius__hover_enabled=&#8221;off&#8221; button_one_border_radius__hover_enabled=&#8221;off&#8221; button_two_border_radius__hover_enabled=&#8221;off&#8221; button_letter_spacing__hover_enabled=&#8221;on&#8221; button_letter_spacing__hover=&#8221;1px&#8221; button_one_letter_spacing__hover_enabled=&#8221;off&#8221; button_two_letter_spacing__hover_enabled=&#8221;off&#8221; button_bg_color__hover_enabled=&#8221;off&#8221; button_one_bg_color__hover_enabled=&#8221;off&#8221; button_two_bg_color__hover_enabled=&#8221;off&#8221;]<\/p>\n<ul>\n<li>Pasaportunun Almanya&#8217;dan ayr\u0131lma tarihinden sonra en az 3 ay ge\u00e7erli olmas\u0131 gerekir.<\/li>\n<li><u>\u00d6rnek:<\/u> 1 A\u011fustos 2022&#8217;de Almanya&#8217;ya seyahat ediyorsun. Vizen bir y\u0131l ge\u00e7erli ve 30 Temmuz 2023&#8217;te Almanya&#8217;dan ayr\u0131l\u0131yorsun. Pasaportunun en az 30 Ekim 2023&#8217;e kadar ge\u00e7erli olmas\u0131 gerekir.  <\/li>\n<li>Pasaportun <u>10 y\u0131ldan daha eski olmamal\u0131<\/u><\/li>\n<li>Pasaportunun <u>en az iki bo\u015f vize sayfas\u0131<\/u> olmal\u0131<\/li>\n<li>Pasaportunun \u00fc\u00e7 kopyas\u0131na ihtiyac\u0131n var.<\/li>\n<\/ul>\n<p>[\/et_pb_cta][et_pb_cta title=&#8221;Di\u011fer belgeler&#8221; button_url=&#8221;#&#8221; _builder_version=&#8221;4.18.0&#8243; header_font=&#8221;Rubik||||||||&#8221; header_line_height=&#8221;1.2em&#8221; body_font=&#8221;||||||||&#8221; body_font_size=&#8221;16px&#8221; body_line_height=&#8221;2em&#8221; background_color=&#8221;#58cc25&#8243; background_image=&#8221;https:\/\/germaninstitute.com\/de\/wp-content\/uploads\/2025\/02\/hosting-company-06.png&#8221; background_position=&#8221;bottom_left&#8221; custom_button=&#8221;on&#8221; button_text_size=&#8221;13px&#8221; button_text_color=&#8221;#ffffff&#8221; button_bg_color=&#8221;#263547&#8243; button_border_width=&#8221;10px&#8221; button_border_color=&#8221;rgba(0,0,0,0)&#8221; button_border_radius=&#8221;5px&#8221; button_letter_spacing=&#8221;1px&#8221; button_font=&#8221;Rubik|||on|||||&#8221; button_use_icon=&#8221;off&#8221; text_orientation=&#8221;left&#8221; custom_margin=&#8221;|||&#8221; custom_padding=&#8221;|||&#8221; custom_padding_phone=&#8221;|0px||&#8221; custom_padding_last_edited=&#8221;off|desktop&#8221; animation_style=&#8221;zoom&#8221; animation_intensity_zoom=&#8221;20%&#8221; border_radii=&#8221;on|24px|24px|24px|24px&#8221; box_shadow_style=&#8221;preset1&#8243; box_shadow_vertical=&#8221;90px&#8221; box_shadow_blur=&#8221;160px&#8221; box_shadow_color=&#8221;rgba(0,0,0,0.06)&#8221; box_shadow_style_button=&#8221;preset1&#8243; box_shadow_vertical_button=&#8221;20px&#8221; box_shadow_blur_button=&#8221;30px&#8221; box_shadow_color_button=&#8221;rgba(0,0,0,0.1)&#8221; button_letter_spacing_hover=&#8221;1px&#8221; locked=&#8221;off&#8221; global_colors_info=&#8221;{}&#8221; button_text_size__hover_enabled=&#8221;off&#8221; button_one_text_size__hover_enabled=&#8221;off&#8221; button_two_text_size__hover_enabled=&#8221;off&#8221; button_text_color__hover_enabled=&#8221;off&#8221; button_one_text_color__hover_enabled=&#8221;off&#8221; button_two_text_color__hover_enabled=&#8221;off&#8221; button_border_width__hover_enabled=&#8221;off&#8221; button_one_border_width__hover_enabled=&#8221;off&#8221; button_two_border_width__hover_enabled=&#8221;off&#8221; button_border_color__hover_enabled=&#8221;off&#8221; button_one_border_color__hover_enabled=&#8221;off&#8221; button_two_border_color__hover_enabled=&#8221;off&#8221; button_border_radius__hover_enabled=&#8221;off&#8221; button_one_border_radius__hover_enabled=&#8221;off&#8221; button_two_border_radius__hover_enabled=&#8221;off&#8221; button_letter_spacing__hover_enabled=&#8221;on&#8221; button_letter_spacing__hover=&#8221;1px&#8221; button_one_letter_spacing__hover_enabled=&#8221;off&#8221; button_two_letter_spacing__hover_enabled=&#8221;off&#8221; button_bg_color__hover_enabled=&#8221;off&#8221; button_one_bg_color__hover_enabled=&#8221;off&#8221; button_two_bg_color__hover_enabled=&#8221;off&#8221;]<\/p>\n<ul>\n<li>\n<p style=\"font-weight: 400;\">\u00d6nceki Schengen vizelerinin kopyalar\u0131na ihtiyac\u0131n var.<\/p>\n<\/li>\n<li>\n<p style=\"font-weight: 400;\">Vize \u00fccreti \u00f6deme kan\u0131t\u0131<\/p>\n<\/li>\n<li>\n<p style=\"font-weight: 400;\">Konaklama kan\u0131t\u0131 &#8211; t\u00fcm kal\u0131\u015f s\u00fcresi i\u00e7in<\/p>\n<\/li>\n<li>\n<p style=\"font-weight: 400;\">\u0130\u00e7 pasaport\/kimlik kart\u0131 (her birinden iki\u015fer kopya ve \u00e7evirilerinin iki\u015fer kopyas\u0131)<\/p>\n<\/li>\n<li>\n<p style=\"font-weight: 400;\">Do\u011fum belgesi (her birinden iki\u015fer kopya ve \u00e7evirilerinin iki\u015fer kopyas\u0131)<\/p>\n<\/li>\n<li>\n<p style=\"font-weight: 400;\">Sertifikalar, diploma, i\u015f veya \u00f6\u011frenim belgesi (her birinden iki\u015fer kopya ve \u00e7evirilerinin iki\u015fer kopyas\u0131)<\/p>\n<\/li>\n<\/ul>\n<p>[\/et_pb_cta][\/et_pb_column][et_pb_column type=&#8221;1_2&#8243; _builder_version=&#8221;4.16&#8243; custom_padding=&#8221;|||&#8221; global_colors_info=&#8221;%91%93&#8243; custom_padding__hover=&#8221;|||&#8221;][et_pb_cta title=&#8221;Pasaport foto\u011fraflar\u0131&#8221; button_url=&#8221;#&#8221; _builder_version=&#8221;4.18.0&#8243; header_font=&#8221;Rubik||||||||&#8221; header_line_height=&#8221;1.2em&#8221; body_font=&#8221;||||||||&#8221; body_font_size=&#8221;16px&#8221; body_line_height=&#8221;2em&#8221; background_color=&#8221;#ff8f18&#8243; background_image=&#8221;https:\/\/germaninstitute.com\/de\/wp-content\/uploads\/2025\/02\/hosting-company-07-1.png&#8221; background_position=&#8221;bottom_left&#8221; custom_button=&#8221;on&#8221; button_text_size=&#8221;13px&#8221; button_text_color=&#8221;#ffffff&#8221; button_bg_color=&#8221;#263547&#8243; button_border_width=&#8221;10px&#8221; button_border_color=&#8221;rgba(0,0,0,0)&#8221; button_border_radius=&#8221;5px&#8221; button_letter_spacing=&#8221;1px&#8221; button_font=&#8221;Rubik|||on|||||&#8221; button_use_icon=&#8221;off&#8221; text_orientation=&#8221;left&#8221; custom_margin=&#8221;|||&#8221; custom_padding=&#8221;|||&#8221; custom_padding_phone=&#8221;|0px||&#8221; custom_padding_last_edited=&#8221;off|desktop&#8221; animation_style=&#8221;zoom&#8221; animation_delay=&#8221;200ms&#8221; animation_intensity_zoom=&#8221;20%&#8221; border_radii=&#8221;on|24px|24px|24px|24px&#8221; box_shadow_style=&#8221;preset1&#8243; box_shadow_vertical=&#8221;90px&#8221; box_shadow_blur=&#8221;160px&#8221; box_shadow_color=&#8221;rgba(0,0,0,0.06)&#8221; box_shadow_style_button=&#8221;preset1&#8243; box_shadow_vertical_button=&#8221;20px&#8221; box_shadow_blur_button=&#8221;30px&#8221; box_shadow_color_button=&#8221;rgba(0,0,0,0.1)&#8221; button_letter_spacing_hover=&#8221;1px&#8221; locked=&#8221;off&#8221; global_colors_info=&#8221;{}&#8221; button_text_size__hover_enabled=&#8221;off&#8221; button_one_text_size__hover_enabled=&#8221;off&#8221; button_two_text_size__hover_enabled=&#8221;off&#8221; button_text_color__hover_enabled=&#8221;off&#8221; button_one_text_color__hover_enabled=&#8221;off&#8221; button_two_text_color__hover_enabled=&#8221;off&#8221; button_border_width__hover_enabled=&#8221;off&#8221; button_one_border_width__hover_enabled=&#8221;off&#8221; button_two_border_width__hover_enabled=&#8221;off&#8221; button_border_color__hover_enabled=&#8221;off&#8221; button_one_border_color__hover_enabled=&#8221;off&#8221; button_two_border_color__hover_enabled=&#8221;off&#8221; button_border_radius__hover_enabled=&#8221;off&#8221; button_one_border_radius__hover_enabled=&#8221;off&#8221; button_two_border_radius__hover_enabled=&#8221;off&#8221; button_letter_spacing__hover_enabled=&#8221;on&#8221; button_letter_spacing__hover=&#8221;1px&#8221; button_one_letter_spacing__hover_enabled=&#8221;off&#8221; button_two_letter_spacing__hover_enabled=&#8221;off&#8221; button_bg_color__hover_enabled=&#8221;off&#8221; button_one_bg_color__hover_enabled=&#8221;off&#8221; button_two_bg_color__hover_enabled=&#8221;off&#8221;]<\/p>\n<p style=\"font-weight: 400;\">\u0130ki biyometrik pasaport foto\u011fraf\u0131na ihtiyac\u0131n var:<\/p>\n<ul>\n<li>Y\u00fcz, foto\u011frafta ortada olmal\u0131<\/li>\n<li>\u00c7eneden sa\u00e7 \u00e7izgisine kadar y\u00fcz hatlar\u0131 net<\/li>\n<li>Y\u00fcz y\u00fcksekli\u011fi %70 ila %80<\/li>\n<li>n\u00f6tr y\u00fcz ifadesi<\/li>\n<li>a\u00e7\u0131k g\u00f6zler<\/li>\n<li>yans\u0131ma veya g\u00f6lge yok<\/li>\n<li>k\u0131rm\u0131z\u0131 g\u00f6z yok<\/li>\n<li>tek renkli ve a\u00e7\u0131k arka plan<\/li>\n<li>ba\u015fka ki\u015filer yok<\/li>\n<li>y\u00fcksek kaliteli ka\u011f\u0131t<\/li>\n<li>Bask\u0131 \u00e7\u00f6z\u00fcn\u00fcrl\u00fc\u011f\u00fc: en az 600 dpi<\/li>\n<li>k\u0131r\u0131\u015f\u0131kl\u0131k veya kirlenme yok<\/li>\n<li>Ba\u015f \u00f6rt\u00fcs\u00fc hari\u00e7 \u015faka bere tarz\u0131 \u015feyler tak\u0131lmamal\u0131<\/li>\n<\/ul>\n<p>[\/et_pb_cta][et_pb_cta title=&#8221;Motivasyon mektubu + \u00d6zge\u00e7mi\u015f&#8221; button_url=&#8221;#&#8221; _builder_version=&#8221;4.18.0&#8243; header_font=&#8221;Rubik||||||||&#8221; header_line_height=&#8221;1.2em&#8221; body_font=&#8221;||||||||&#8221; body_font_size=&#8221;16px&#8221; body_line_height=&#8221;2em&#8221; background_color=&#8221;#6f23ce&#8221; background_image=&#8221;https:\/\/germaninstitute.com\/de\/wp-content\/uploads\/2025\/02\/hosting-company-06.png&#8221; background_position=&#8221;bottom_left&#8221; custom_button=&#8221;on&#8221; button_text_size=&#8221;13px&#8221; button_text_color=&#8221;#ffffff&#8221; button_bg_color=&#8221;#263547&#8243; button_border_width=&#8221;10px&#8221; button_border_color=&#8221;rgba(0,0,0,0)&#8221; button_border_radius=&#8221;5px&#8221; button_letter_spacing=&#8221;1px&#8221; button_font=&#8221;Rubik|||on|||||&#8221; button_use_icon=&#8221;off&#8221; text_orientation=&#8221;left&#8221; custom_margin=&#8221;|||&#8221; custom_padding=&#8221;|||&#8221; custom_padding_phone=&#8221;|0px||&#8221; custom_padding_last_edited=&#8221;off|desktop&#8221; animation_style=&#8221;zoom&#8221; animation_intensity_zoom=&#8221;20%&#8221; border_radii=&#8221;on|24px|24px|24px|24px&#8221; box_shadow_style=&#8221;preset1&#8243; box_shadow_vertical=&#8221;90px&#8221; box_shadow_blur=&#8221;160px&#8221; box_shadow_color=&#8221;rgba(0,0,0,0.06)&#8221; box_shadow_style_button=&#8221;preset1&#8243; box_shadow_vertical_button=&#8221;20px&#8221; box_shadow_blur_button=&#8221;30px&#8221; box_shadow_color_button=&#8221;rgba(0,0,0,0.1)&#8221; button_letter_spacing_hover=&#8221;1px&#8221; locked=&#8221;off&#8221; global_colors_info=&#8221;{}&#8221; button_text_size__hover_enabled=&#8221;off&#8221; button_one_text_size__hover_enabled=&#8221;off&#8221; button_two_text_size__hover_enabled=&#8221;off&#8221; button_text_color__hover_enabled=&#8221;off&#8221; button_one_text_color__hover_enabled=&#8221;off&#8221; button_two_text_color__hover_enabled=&#8221;off&#8221; button_border_width__hover_enabled=&#8221;off&#8221; button_one_border_width__hover_enabled=&#8221;off&#8221; button_two_border_width__hover_enabled=&#8221;off&#8221; button_border_color__hover_enabled=&#8221;off&#8221; button_one_border_color__hover_enabled=&#8221;off&#8221; button_two_border_color__hover_enabled=&#8221;off&#8221; button_border_radius__hover_enabled=&#8221;off&#8221; button_one_border_radius__hover_enabled=&#8221;off&#8221; button_two_border_radius__hover_enabled=&#8221;off&#8221; button_letter_spacing__hover_enabled=&#8221;on&#8221; button_letter_spacing__hover=&#8221;1px&#8221; button_one_letter_spacing__hover_enabled=&#8221;off&#8221; button_two_letter_spacing__hover_enabled=&#8221;off&#8221; button_bg_color__hover_enabled=&#8221;off&#8221; button_one_bg_color__hover_enabled=&#8221;off&#8221; button_two_bg_color__hover_enabled=&#8221;off&#8221;]<\/p>\n<ul>\n<li>Almanya&#8217;daki e\u011fitim\/dil kursu hakk\u0131nda bilgiler<\/li>\n<li>E\u011fitim\/dil kursundan sonraki planlar<\/li>\n<li>Almanca\/\u0130ngilizce<\/li>\n<li>her birinden iki\u015fer kopya<\/li>\n<\/ul>\n<p>[\/et_pb_cta][\/et_pb_column][\/et_pb_row][\/et_pb_section]<\/p>\n","protected":false},"excerpt":{"rendered":"<p>ALMAN ENST\u0130T\u00dcS\u00dc Vize&#8230;<\/p>\n","protected":false},"author":3,"featured_media":0,"parent":0,"menu_order":0,"comment_status":"closed","ping_status":"closed","template":"","meta":{"_et_pb_use_builder":"on","_et_pb_old_content":"","_et_gb_content_width":"","footnotes":""},"class_list":["post-43650","page","type-page","status-publish","hentry"],"jetpack_sharing_enabled":true,"_links":{"self":[{"href":"https:\/\/germaninstitute.com\/de\/tr\/wp-json\/wp\/v2\/pages\/43650","targetHints":{"allow":["GET"]}}],"collection":[{"href":"https:\/\/germaninstitute.com\/de\/tr\/wp-json\/wp\/v2\/pages"}],"about":[{"href":"https:\/\/germaninstitute.com\/de\/tr\/wp-json\/wp\/v2\/types\/page"}],"author":[{"embeddable":true,"href":"https:\/\/germaninstitute.com\/de\/tr\/wp-json\/wp\/v2\/users\/3"}],"replies":[{"embeddable":true,"href":"https:\/\/germaninstitute.com\/de\/tr\/wp-json\/wp\/v2\/comments?post=43650"}],"version-history":[{"count":56,"href":"https:\/\/germaninstitute.com\/de\/tr\/wp-json\/wp\/v2\/pages\/43650\/revisions"}],"predecessor-version":[{"id":65775,"href":"https:\/\/germaninstitute.com\/de\/tr\/wp-json\/wp\/v2\/pages\/43650\/revisions\/65775"}],"wp:attachment":[{"href":"https:\/\/germaninstitute.com\/de\/tr\/wp-json\/wp\/v2\/media?parent=43650"}],"curies":[{"name":"wp","href":"https:\/\/api.w.org\/{rel}","templated":true}]}}