{"id":43511,"date":"2025-02-04T22:48:30","date_gmt":"2025-02-04T21:48:30","guid":{"rendered":"https:\/\/germaninstitute.com\/de\/dijital-icerikler-icin-iptal-hakki\/"},"modified":"2025-07-24T13:11:24","modified_gmt":"2025-07-24T11:11:24","slug":"dijital-icerikler-icin-iptal-hakki","status":"publish","type":"page","link":"https:\/\/germaninstitute.com\/de\/tr\/dijital-icerikler-icin-iptal-hakki\/","title":{"rendered":"Dijital \u0130\u00e7erikler \u0130\u00e7in \u0130ptal Hakk\u0131"},"content":{"rendered":"<p><strong>Sorumluluk reddi: A\u015fa\u011f\u0131daki \u015fablon bir avukat (<a href=\"https:\/\/drschwenke.de\" rel=\"nofollow noopener\" target=\"_blank\">https:\/\/drschwenke.de<\/a>) taraf\u0131ndan tipik bir online ma\u011fazan\u0131n gereksinimlerine g\u00f6re haz\u0131rlanm\u0131\u015ft\u0131r. Ancak, \u015fablonu yaln\u0131zca kendi i\u015f modelinize g\u00f6re dikkatli bir \u015fekilde inceleyip uyarlad\u0131ktan sonra kullanmal\u0131s\u0131n\u0131z. Bu nedenle a\u015fa\u011f\u0131daki \u015fablon, dikkat etmeniz gereken ek bilgiler ve \u00f6zellikle incelemeniz ve gerekirse uyarlaman\u0131z gereken k\u0131rm\u0131z\u0131 b\u00f6l\u00fcmler i\u00e7ermektedir. L\u00fctfen i\u015flemi tamamlad\u0131ktan sonra notlar\u0131 kald\u0131r\u0131n. \u015e\u00fcpheye d\u00fc\u015ferseniz hukuki dan\u0131\u015fmanl\u0131k al\u0131n. Telif hakk\u0131: \u015eablonu, Marketpress lisans\u0131n\u0131z\u0131n ge\u00e7erli oldu\u011fu s\u00fcrece alan ad\u0131\/web sitesi i\u00e7inde kullanabilirsiniz. \u00dc\u00e7\u00fcnc\u00fc \u015fah\u0131slara, m\u00fc\u015fterilere (\u00f6rne\u011fin geli\u015ftirici olarak) verilmesi yasakt\u0131r.      <\/strong><\/p>\n<p><strong>Fiziksel bir veri ta\u015f\u0131y\u0131c\u0131s\u0131nda teslim edilmeyen dijital i\u00e7eriklerin teslimat\u0131 i\u00e7in s\u00f6zle\u015fmenin iptal bildirimi<\/strong><br \/>\n<em>\u0130ptal Bildirimi<\/em><br \/>\nT\u00fcketici, a\u011f\u0131rl\u0131kl\u0131 olarak ne ticari ne de ba\u011f\u0131ms\u0131z mesleki faaliyetine atfedilemeyen ama\u00e7lar i\u00e7in hukuki i\u015flem yapan herhangi bir ger\u00e7ek ki\u015fidir.<\/p>\n<p><em>\u0130ptal Hakk\u0131<\/em><br \/>\nBu s\u00f6zle\u015fmeyi on d\u00f6rt g\u00fcn i\u00e7inde herhangi bir sebep belirtmeden iptal etme hakk\u0131na sahipsiniz. \u0130ptal s\u00fcresi, s\u00f6zle\u015fmenin yap\u0131ld\u0131\u011f\u0131 g\u00fcnden itibaren on d\u00f6rt g\u00fcnd\u00fcr. \u0130ptal hakk\u0131n\u0131z\u0131 kullanmak i\u00e7in, bu s\u00f6zle\u015fmeyi iptal etme karar\u0131n\u0131z\u0131 a\u00e7\u0131k bir \u015fekilde ([Ekleyin: Ad\/\u015eirket, adres, telefon numaras\u0131 ve e-posta adresi. Bunun i\u00e7in  k\u0131sa kodunu da kullanabilirsiniz ve adresi ayarlar b\u00f6l\u00fcm\u00fcnde saklayabilirsiniz]) (\u00f6rne\u011fin postayla g\u00f6nderilen bir mektup veya e-posta ile) bildirmeniz gerekmektedir. Bunun i\u00e7in ekteki \u00f6rnek iptal formunu kullanabilirsiniz, ancak bu zorunlu de\u011fildir. \u0130ptal s\u00fcresine uymak i\u00e7in, iptal hakk\u0131n\u0131n kullan\u0131m\u0131 ile ilgili bildirimi iptal s\u00fcresinin sona ermesinden \u00f6nce g\u00f6ndermeniz yeterlidir.   <\/p>\n<p><em>\u0130ptalin Sonu\u00e7lar\u0131<\/em><br \/>\nBu s\u00f6zle\u015fmeyi iptal ederseniz, sizden ald\u0131\u011f\u0131m\u0131z t\u00fcm \u00f6demeleri, teslimat \u00fccretleri dahil (taraf\u0131m\u0131zdan sunulan en uygun standart teslimat d\u0131\u015f\u0131nda bir teslimat t\u00fcr\u00fc se\u00e7menizden kaynaklanan ek maliyetler hari\u00e7), bu s\u00f6zle\u015fmenin iptaliyle ilgili bildirimin bize ula\u015ft\u0131\u011f\u0131 g\u00fcnden itibaren en ge\u00e7 on d\u00f6rt g\u00fcn i\u00e7inde derhal iade etmek zorunday\u0131z. Bu geri \u00f6deme i\u00e7in, sizinle a\u00e7\u0131k\u00e7a ba\u015fka t\u00fcrl\u00fc kararla\u015ft\u0131r\u0131lmad\u0131\u011f\u0131 s\u00fcrece, orijinal i\u015flemde kulland\u0131\u011f\u0131n\u0131z ayn\u0131 \u00f6deme y\u00f6ntemini kullanaca\u011f\u0131z; bu geri \u00f6deme i\u00e7in hi\u00e7bir durumda sizden herhangi bir \u00fccret talep edilmeyecektir. <\/p>\n<p><em>\u00d6rnek \u0130ptal Formu<\/em><br \/>\n(S\u00f6zle\u015fmeyi iptal etmek istiyorsan\u0131z, l\u00fctfen bu formu doldurun ve bize geri g\u00f6nderin.)<br \/>\n&#8211; Al\u0131c\u0131 [Ekleyin: Ad\/\u015eirket, adres, e-posta adresi ve varsa faks numaras\u0131]:<br \/>\n&#8211; Ben\/Biz (*) a\u015fa\u011f\u0131daki mallar\u0131n sat\u0131n al\u0131nmas\u0131 (*)\/a\u015fa\u011f\u0131daki hizmetin sa\u011flanmas\u0131 (*) i\u00e7in yap\u0131lm\u0131\u015f olan s\u00f6zle\u015fmeyi iptal ediyorum\/ediyoruz.<br \/>\n&#8211; Sipari\u015f tarihi (*)\/teslim al\u0131m tarihi (*)<br \/>\n&#8211; T\u00fcketici(ler)in ad\u0131<br \/>\n&#8211; T\u00fcketici(ler)in adresi<br \/>\n&#8211; T\u00fcketici(ler)in imzas\u0131 (yaln\u0131zca ka\u011f\u0131t \u00fczerinde bildirim yap\u0131lmas\u0131 durumunda)<br \/>\n&#8211; Tarih<br \/>\n&#8212;&#8212;&#8212;&#8212;&#8212;&#8212;&#8212;&#8212;&#8212;&#8212;&#8212;&#8212;&#8212;<br \/>\n(*) Uygun olmayan\u0131 silin.<\/p>\n<p><em>\u0130ptal Hakk\u0131n\u0131n Hari\u00e7 Tutulmas\u0131 veya Vaktinden \u00d6nce Sona Ermesi<\/em><br \/>\n\u0130ptal hakk\u0131, \u00f6nceden \u00fcretilmemi\u015f ve \u00fcretimi i\u00e7in t\u00fcketicinin bireysel se\u00e7im veya belirlemesinin belirleyici oldu\u011fu veya a\u00e7\u0131k\u00e7a t\u00fcketicinin ki\u015fisel ihtiya\u00e7lar\u0131na g\u00f6re d\u00fczenlenmi\u015f dijital i\u00e7eriklerin teslimat\u0131na ili\u015fkin s\u00f6zle\u015fmelerde ge\u00e7erli de\u011fildir.<br \/>\n\u0130ptal hakk\u0131, s\u00f6zle\u015fmenin ifas\u0131na ancak sizin a) a\u00e7\u0131k onay\u0131n\u0131z\u0131 vermeniz ve ayn\u0131 zamanda bizim taraf\u0131m\u0131zdan s\u00f6zle\u015fmenin yerine getirilmesine ba\u015fland\u0131\u011f\u0131nda iptal hakk\u0131n\u0131z\u0131 kaybetti\u011finize dair bilginizi teyit etmeniz ve b) beyan\u0131n\u0131z\u0131n i\u00e7eri\u011fini s\u00f6zle\u015fmenin yap\u0131lmas\u0131ndan sonra makul bir s\u00fcre i\u00e7inde, en ge\u00e7 mal\u0131n teslimi veya hizmetin ifas\u0131na ba\u015flanmadan \u00f6nce, kal\u0131c\u0131 bir veri ta\u015f\u0131y\u0131c\u0131s\u0131 \u00fczerinde size sa\u011flamam\u0131z durumunda vaktinden \u00f6nce sona erer. Yukar\u0131da belirtilen onay ve teyide ba\u011fl\u0131 olarak s\u00f6zle\u015fmenin yap\u0131lmas\u0131n\u0131 tercih edebilece\u011fimizi belirtmek isteriz. \u0130ptal hakk\u0131, s\u00f6zle\u015fmenin ifas\u0131na, ancak sizin a\u00e7\u0131k onay\u0131n\u0131z\u0131 vermeniz ve ayn\u0131 zamanda bizim taraf\u0131m\u0131zdan s\u00f6zle\u015fmenin yerine getirilmesine ba\u015fland\u0131\u011f\u0131nda iptal hakk\u0131n\u0131z\u0131 kaybetti\u011finize dair bilginizi teyit etmeniz halinde ba\u015flamam\u0131z durumunda vaktinden \u00f6nce sona erer.     Yukar\u0131da belirtilen onay ve teyide ba\u011fl\u0131 olarak s\u00f6zle\u015fmenin yap\u0131lmas\u0131n\u0131 tercih edebilece\u011fimizi belirtmek isteriz.<\/p>\n","protected":false},"excerpt":{"rendered":"<p>Sorumluluk reddi: A\u015fa\u011f\u0131daki \u015fablon bir avukat (https:\/\/drschwenke.de) taraf\u0131ndan tipik bir online ma\u011fazan\u0131n gereksinimlerine g\u00f6re haz\u0131rlanm\u0131\u015ft\u0131r. Ancak, \u015fablonu yaln\u0131zca kendi i\u015f modelinize g\u00f6re dikkatli bir \u015fekilde&hellip;<\/p>\n","protected":false},"author":1,"featured_media":0,"parent":0,"menu_order":0,"comment_status":"closed","ping_status":"closed","template":"","meta":{"_et_pb_use_builder":"","_et_pb_old_content":"","_et_gb_content_width":"","footnotes":""},"class_list":["post-43511","page","type-page","status-publish","hentry"],"jetpack_sharing_enabled":true,"_links":{"self":[{"href":"https:\/\/germaninstitute.com\/de\/tr\/wp-json\/wp\/v2\/pages\/43511","targetHints":{"allow":["GET"]}}],"collection":[{"href":"https:\/\/germaninstitute.com\/de\/tr\/wp-json\/wp\/v2\/pages"}],"about":[{"href":"https:\/\/germaninstitute.com\/de\/tr\/wp-json\/wp\/v2\/types\/page"}],"author":[{"embeddable":true,"href":"https:\/\/germaninstitute.com\/de\/tr\/wp-json\/wp\/v2\/users\/1"}],"replies":[{"embeddable":true,"href":"https:\/\/germaninstitute.com\/de\/tr\/wp-json\/wp\/v2\/comments?post=43511"}],"version-history":[{"count":1,"href":"https:\/\/germaninstitute.com\/de\/tr\/wp-json\/wp\/v2\/pages\/43511\/revisions"}],"predecessor-version":[{"id":43513,"href":"https:\/\/germaninstitute.com\/de\/tr\/wp-json\/wp\/v2\/pages\/43511\/revisions\/43513"}],"wp:attachment":[{"href":"https:\/\/germaninstitute.com\/de\/tr\/wp-json\/wp\/v2\/media?parent=43511"}],"curies":[{"name":"wp","href":"https:\/\/api.w.org\/{rel}","templated":true}]}}