{"id":37529,"date":"2025-02-17T13:44:40","date_gmt":"2025-02-17T12:44:40","guid":{"rendered":"https:\/\/germaninstitute.com\/de\/contacto-typeform\/"},"modified":"2025-12-11T16:18:04","modified_gmt":"2025-12-11T15:18:04","slug":"contacto-typeform","status":"publish","type":"page","link":"https:\/\/germaninstitute.com\/de\/es\/contacto-typeform\/","title":{"rendered":"Contacto (typeform)"},"content":{"rendered":"<p>[et_pb_section fb_built=\u00bb1&#8243; fullwidth=\u00bbon\u00bb _builder_version=\u00bb4.27.4&#8243; _module_preset=\u00bbdefault\u00bb background_color=\u00bbrgba(1,34,67,0.55)\u00bb width=\u00bb100%\u00bb max_width=\u00bb100%\u00bb bottom_divider_height=\u00bb31px\u00bb global_colors_info=\u00bb{}\u00bb][et_pb_fullwidth_header title=\u00bbAsesoramiento &#038; Contacto \u00bb button_one_text=\u00bbReservar una cita de asesoramiento individual\u00bb button_one_url=\u00bb#typeform\u00bb header_image_url=\u00bbhttps:\/\/germaninstitute.com\/de\/wp-content\/uploads\/2025\/06\/DSCF1880-scaled.jpg\u00bb _builder_version=\u00bb4.27.4&#8243; _module_preset=\u00bbdefault\u00bb title_font=\u00bb&#8211;et_global_heading_font||||||||\u00bb title_font_size=\u00bb40px\u00bb background_color=\u00bb#012243&#8243; global_colors_info=\u00bb{}\u00bb]<\/p>\n<p><strong data-start=\"542\" data-end=\"588\">\u00bfTienes preguntas sobre el curso de alem\u00e1n o el visado?<\/strong><br \/><span>Nuestros expertos te ayudar\u00e1n personalmente. Cont\u00e1ctanos <strong>por tel\u00e9fono<\/strong>, <strong>por correo electr\u00f3nico<\/strong> o vis\u00edtanos <strong>en persona<\/strong>. <\/span><\/p>\n<p>[\/et_pb_fullwidth_header][\/et_pb_section][et_pb_section fb_built=\u00bb1&#8243; fullwidth=\u00bbon\u00bb _builder_version=\u00bb4.27.4&#8243; _module_preset=\u00bbdefault\u00bb global_colors_info=\u00bb{}\u00bb][et_pb_fullwidth_code module_id=\u00bbtypeform\u00bb _builder_version=\u00bb4.27.4&#8243; _module_preset=\u00bbdefault\u00bb global_colors_info=\u00bb{}\u00bb]<\/p>\n<div data-tf-live=\"01KBF7MHZHTTZ62S700XAR5Z01\"><\/div>\n<p><script src=\"\/\/embed.typeform.com\/next\/embed.js\"><\/script>[\/et_pb_fullwidth_code][\/et_pb_section][et_pb_section fb_built=\u00bb1&#8243; admin_label=\u00bbList\u00bb _builder_version=\u00bb4.25.1&#8243; _module_preset=\u00bbdefault\u00bb collapsed=\u00bbon\u00bb global_colors_info=\u00bb{}\u00bb][et_pb_row _builder_version=\u00bb4.25.1&#8243; _module_preset=\u00bbdefault\u00bb global_colors_info=\u00bb{}\u00bb][et_pb_column type=\u00bb4_4&#8243; _builder_version=\u00bb4.25.1&#8243; _module_preset=\u00bbdefault\u00bb global_colors_info=\u00bb{}\u00bb][et_pb_heading title=\u00bb\u00bfSientes curiosidad? Explora aqu\u00ed nuestra oferta de cursos.\u00bb _builder_version=\u00bb4.27.4&#8243; _module_preset=\u00bbc33f07d9-41e0-421a-8799-5799df695cce\u00bb title_level=\u00bbh2&#8243; title_font=\u00bb&#8211;et_global_heading_font|Cormorant Garamond_weight|||||||\u00bb title_text_align=\u00bbcenter\u00bb title_text_color=\u00bb#204f8a\u00bb title_font_size=\u00bb40px\u00bb title_line_height=\u00bb1.2em\u00bb custom_margin=\u00bb||10px||false|false\u00bb hover_enabled=\u00bb0&#8243; title_font_size_tablet=\u00bb28px\u00bb title_font_size_phone=\u00bb20px\u00bb title_font_size_last_edited=\u00bbon|phone\u00bb global_colors_info=\u00bb{}\u00bb sticky_enabled=\u00bb0&#8243;][\/et_pb_heading][et_pb_text _builder_version=\u00bb4.27.4&#8243; _module_preset=\u00bbdefault\u00bb text_font=\u00bb&#8211;et_global_body_font||||||||\u00bb text_orientation=\u00bbcenter\u00bb global_colors_info=\u00bb{}\u00bb]<\/p>\n<p><span>\u00bfTe gustar\u00eda empezar ya? Elige uno de nuestros cursos: <strong>desde cursos intensivos y de tarde hasta cursos de lengua especializada.<\/strong> <\/span><\/p>\n<p>[\/et_pb_text][\/et_pb_column][\/et_pb_row][et_pb_row column_structure=\u00bb1_2,1_2&#8243; _builder_version=\u00bb4.25.1&#8243; _module_preset=\u00bbdefault\u00bb global_colors_info=\u00bb{}\u00bb][et_pb_column type=\u00bb1_2&#8243; _builder_version=\u00bb4.25.1&#8243; _module_preset=\u00bbdefault\u00bb global_colors_info=\u00bb{}\u00bb][et_pb_blurb title=\u00bbCursos intensivos y cursos de tarde\u00bb use_icon=\u00bbon\u00bb font_icon=\u00bb&#xf058;||fa||900&#8243; icon_color=\u00bb#03045e\u00bb icon_placement=\u00bbleft\u00bb image_icon_width=\u00bb40px\u00bb content_max_width=\u00bb100%\u00bb _builder_version=\u00bb4.27.4&#8243; _dynamic_attributes=\u00bblink_option_url\u00bb _module_preset=\u00bb65059203-12d3-44f6-8371-3f5cf61a0475&#8243; header_level=\u00bbh3&#8243; header_font=\u00bb&#8211;et_global_heading_font|Cormorant Garamond_weight|||||||\u00bb header_text_color=\u00bb#0e0c19&#8243; header_font_size=\u00bb18px\u00bb header_line_height=\u00bb1.4em\u00bb body_font=\u00bb&#8211;et_global_body_font|Proza Libre_weight|||||||\u00bb body_text_color=\u00bb#3c3a47&#8243; body_font_size=\u00bb16px\u00bb body_line_height=\u00bb1.75em\u00bb body_link_text_color=\u00bb#03045e\u00bb background_color=\u00bb#FFFFFF\u00bb animation=\u00bboff\u00bb link_option_url=\u00bb@ET-DC@eyJkeW5hbWljIjp0cnVlLCJjb250ZW50IjoicG9zdF9saW5rX3VybF9wYWdlIiwic2V0dGluZ3MiOnsicG9zdF9pZCI6IjEyOTY1In19@\u00bb header_font_size_tablet=\u00bb15px\u00bb header_font_size_phone=\u00bb14px\u00bb header_font_size_last_edited=\u00bbon|phone\u00bb body_font_size_tablet=\u00bb15px\u00bb body_font_size_phone=\u00bb14px\u00bb body_font_size_last_edited=\u00bbon|desktop\u00bb border_radii_image=\u00bbon|6px|6px|6px|6px\u00bb global_colors_info=\u00bb{}\u00bb background__hover_enabled=\u00bbon|hover\u00bb background_color__hover=\u00bbrgba(32,79,138,0.14)\u00bb background_enable_color__hover=\u00bbon\u00bb]<\/p>\n<p><span>Nuestros cursos intensivos y de tarde son ideales para profesionales, estudiantes y aprendices. En grupos peque\u00f1os, practicar\u00e1s todo lo que necesitas en la vida cotidiana, en tus estudios o en el trabajo. <\/span><\/p>\n<p>[\/et_pb_blurb][et_pb_blurb title=\u00bbPreparaci\u00f3n para el examen\u00bb use_icon=\u00bbon\u00bb font_icon=\u00bb&#xf058;||fa||900&#8243; icon_color=\u00bb#03045e\u00bb icon_placement=\u00bbleft\u00bb image_icon_width=\u00bb40px\u00bb content_max_width=\u00bb100%\u00bb _builder_version=\u00bb4.27.4&#8243; _dynamic_attributes=\u00bblink_option_url\u00bb _module_preset=\u00bb65059203-12d3-44f6-8371-3f5cf61a0475&#8243; header_level=\u00bbh3&#8243; header_font=\u00bb&#8211;et_global_heading_font|Cormorant Garamond_weight|||||||\u00bb header_text_color=\u00bb#0e0c19&#8243; header_font_size=\u00bb18px\u00bb header_line_height=\u00bb1.4em\u00bb body_font=\u00bb&#8211;et_global_body_font|Proza Libre_weight|||||||\u00bb body_text_color=\u00bb#3c3a47&#8243; body_font_size=\u00bb16px\u00bb body_line_height=\u00bb1.75em\u00bb body_link_text_color=\u00bb#03045e\u00bb animation=\u00bboff\u00bb link_option_url=\u00bb@ET-DC@eyJkeW5hbWljIjp0cnVlLCJjb250ZW50IjoicG9zdF9saW5rX3VybF9wYWdlIiwic2V0dGluZ3MiOnsicG9zdF9pZCI6IjE0MjY1In19@\u00bb header_font_size_tablet=\u00bb15px\u00bb header_font_size_phone=\u00bb14px\u00bb header_font_size_last_edited=\u00bbon|phone\u00bb body_font_size_tablet=\u00bb15px\u00bb body_font_size_phone=\u00bb14px\u00bb body_font_size_last_edited=\u00bbon|desktop\u00bb border_radii_image=\u00bbon|6px|6px|6px|6px\u00bb global_colors_info=\u00bb{}\u00bb background__hover_enabled=\u00bbon|hover\u00bb background_color__hover=\u00bbrgba(32,79,138,0.14)\u00bb background_enable_color__hover=\u00bbon\u00bb]<\/p>\n<p><span>Te preparamos para todos los ex\u00e1menes de alem\u00e1n: telc, Goethe, examen de medicina y enfermer\u00eda. Con tareas de examen reales y simulaci\u00f3n personal. <\/span><\/p>\n<p>[\/et_pb_blurb][et_pb_blurb title=\u00bbEntrenamiento de pronunciaci\u00f3n\u00bb use_icon=\u00bbon\u00bb font_icon=\u00bb&#xf058;||fa||900&#8243; icon_color=\u00bb#03045e\u00bb icon_placement=\u00bbleft\u00bb image_icon_width=\u00bb40px\u00bb content_max_width=\u00bb100%\u00bb _builder_version=\u00bb4.27.4&#8243; _dynamic_attributes=\u00bblink_option_url\u00bb _module_preset=\u00bb65059203-12d3-44f6-8371-3f5cf61a0475&#8243; header_level=\u00bbh3&#8243; header_font=\u00bb&#8211;et_global_heading_font|Cormorant Garamond_weight|||||||\u00bb header_text_color=\u00bb#0e0c19&#8243; header_font_size=\u00bb18px\u00bb header_line_height=\u00bb1.4em\u00bb body_font=\u00bb&#8211;et_global_body_font|Proza Libre_weight|||||||\u00bb body_text_color=\u00bb#3c3a47&#8243; body_font_size=\u00bb16px\u00bb body_line_height=\u00bb1.75em\u00bb body_link_text_color=\u00bb#03045e\u00bb animation=\u00bboff\u00bb link_option_url=\u00bb@ET-DC@eyJkeW5hbWljIjp0cnVlLCJjb250ZW50IjoicG9zdF9saW5rX3VybF9wYWdlIiwic2V0dGluZ3MiOnsicG9zdF9pZCI6IjE0MDU1In19@\u00bb header_font_size_tablet=\u00bb15px\u00bb header_font_size_phone=\u00bb14px\u00bb header_font_size_last_edited=\u00bbon|phone\u00bb body_font_size_tablet=\u00bb15px\u00bb body_font_size_phone=\u00bb14px\u00bb body_font_size_last_edited=\u00bbon|desktop\u00bb border_radii_image=\u00bbon|6px|6px|6px|6px\u00bb global_colors_info=\u00bb{}\u00bb background__hover_enabled=\u00bbon|hover\u00bb background_color__hover=\u00bbrgba(32,79,138,0.14)\u00bb background_enable_color__hover=\u00bbon\u00bb]<\/p>\n<p><span>Entrena tu pronunciaci\u00f3n alemana de forma espec\u00edfica. Con ejercicios de fon\u00e9tica y feedback, hablar\u00e1s con mayor claridad en el trabajo y en la vida cotidiana. <\/span><\/p>\n<p>[\/et_pb_blurb][et_pb_blurb title=\u00bbCursos para personal de enfermer\u00eda\u00bb use_icon=\u00bbon\u00bb font_icon=\u00bb&#xf058;||fa||900&#8243; icon_color=\u00bb#03045e\u00bb icon_placement=\u00bbleft\u00bb image_icon_width=\u00bb40px\u00bb content_max_width=\u00bb100%\u00bb _builder_version=\u00bb4.27.4&#8243; _dynamic_attributes=\u00bblink_option_url\u00bb _module_preset=\u00bb65059203-12d3-44f6-8371-3f5cf61a0475&#8243; header_level=\u00bbh3&#8243; header_font=\u00bb&#8211;et_global_heading_font|Cormorant Garamond_weight|||||||\u00bb header_text_color=\u00bb#0e0c19&#8243; header_font_size=\u00bb18px\u00bb header_line_height=\u00bb1.4em\u00bb body_font=\u00bb&#8211;et_global_body_font|Proza Libre_weight|||||||\u00bb body_text_color=\u00bb#3c3a47&#8243; body_font_size=\u00bb16px\u00bb body_line_height=\u00bb1.75em\u00bb body_link_text_color=\u00bb#03045e\u00bb animation=\u00bboff\u00bb link_option_url=\u00bb@ET-DC@eyJkeW5hbWljIjp0cnVlLCJjb250ZW50IjoicG9zdF9saW5rX3VybF9wYWdlIiwic2V0dGluZ3MiOnsicG9zdF9pZCI6IjE0MTE1In19@\u00bb header_font_size_tablet=\u00bb15px\u00bb header_font_size_phone=\u00bb14px\u00bb header_font_size_last_edited=\u00bbon|phone\u00bb body_font_size_tablet=\u00bb15px\u00bb body_font_size_phone=\u00bb14px\u00bb body_font_size_last_edited=\u00bbon|desktop\u00bb border_radii_image=\u00bbon|6px|6px|6px|6px\u00bb global_colors_info=\u00bb{}\u00bb background__hover_enabled=\u00bbon|hover\u00bb background_color__hover=\u00bbrgba(32,79,138,0.14)\u00bb background_enable_color__hover=\u00bbon\u00bb]<\/p>\n<p><span>Este curso ense\u00f1a vocabulario especializado, conversaciones con pacientes y documentaci\u00f3n. Pr\u00e1ctico y con preparaci\u00f3n para el examen para tu d\u00eda a d\u00eda en la enfermer\u00eda. <\/span><\/p>\n<p>[\/et_pb_blurb][\/et_pb_column][et_pb_column type=\u00bb1_2&#8243; _builder_version=\u00bb4.25.1&#8243; _module_preset=\u00bbdefault\u00bb global_colors_info=\u00bb{}\u00bb][et_pb_blurb title=\u00bbCursos extra gratuitos\u00bb use_icon=\u00bbon\u00bb font_icon=\u00bb&#xf058;||fa||900&#8243; icon_color=\u00bb#03045e\u00bb icon_placement=\u00bbleft\u00bb image_icon_width=\u00bb40px\u00bb content_max_width=\u00bb100%\u00bb _builder_version=\u00bb4.27.4&#8243; _dynamic_attributes=\u00bblink_option_url\u00bb _module_preset=\u00bb65059203-12d3-44f6-8371-3f5cf61a0475&#8243; header_level=\u00bbh3&#8243; header_font=\u00bb&#8211;et_global_heading_font|Cormorant Garamond_weight|||||||\u00bb header_text_color=\u00bb#0e0c19&#8243; header_font_size=\u00bb18px\u00bb header_line_height=\u00bb1.4em\u00bb body_font=\u00bb&#8211;et_global_body_font|Proza Libre_weight|||||||\u00bb body_text_color=\u00bb#3c3a47&#8243; body_font_size=\u00bb16px\u00bb body_line_height=\u00bb1.75em\u00bb body_link_text_color=\u00bb#03045e\u00bb background_color=\u00bb#FFFFFF\u00bb animation=\u00bboff\u00bb link_option_url=\u00bb@ET-DC@eyJkeW5hbWljIjp0cnVlLCJjb250ZW50IjoicG9zdF9saW5rX3VybF9wYWdlIiwic2V0dGluZ3MiOnsicG9zdF9pZCI6IjEyNzc3In19@\u00bb header_font_size_tablet=\u00bb15px\u00bb header_font_size_phone=\u00bb14px\u00bb header_font_size_last_edited=\u00bbon|phone\u00bb body_font_size_tablet=\u00bb15px\u00bb body_font_size_phone=\u00bb14px\u00bb body_font_size_last_edited=\u00bbon|desktop\u00bb border_radii_image=\u00bbon|6px|6px|6px|6px\u00bb global_colors_info=\u00bb{}\u00bb background__hover_enabled=\u00bbon|hover\u00bb background_color__hover=\u00bbrgba(32,79,138,0.14)\u00bb background_enable_color__hover=\u00bbon\u00bb]<\/p>\n<p><span>Gratis cada semana: gram\u00e1tica, conversaci\u00f3n, caf\u00e9 de idiomas y excursiones. Habla m\u00e1s y aprende en grupo sin coste adicional. <\/span><\/p>\n<p>[\/et_pb_blurb][et_pb_blurb title=\u00bbPaquete todo incluido para nuestros estudiantes\u00bb use_icon=\u00bbon\u00bb font_icon=\u00bb&#xf058;||fa||900&#8243; icon_color=\u00bb#03045e\u00bb icon_placement=\u00bbleft\u00bb image_icon_width=\u00bb40px\u00bb content_max_width=\u00bb100%\u00bb _builder_version=\u00bb4.27.4&#8243; _dynamic_attributes=\u00bblink_option_url\u00bb _module_preset=\u00bb65059203-12d3-44f6-8371-3f5cf61a0475&#8243; header_font=\u00bb&#8211;et_global_heading_font|Cormorant Garamond_weight|||||||\u00bb header_text_color=\u00bb#0e0c19&#8243; header_font_size=\u00bb18px\u00bb header_line_height=\u00bb1.4em\u00bb body_font=\u00bb&#8211;et_global_body_font|Proza Libre_weight|||||||\u00bb body_text_color=\u00bb#3c3a47&#8243; body_font_size=\u00bb16px\u00bb body_line_height=\u00bb1.75em\u00bb body_link_text_color=\u00bb#03045e\u00bb animation=\u00bboff\u00bb link_option_url=\u00bb@ET-DC@eyJkeW5hbWljIjp0cnVlLCJjb250ZW50IjoicG9zdF9saW5rX3VybF9wYWdlIiwic2V0dGluZ3MiOnsicG9zdF9pZCI6IjEzNDY2In19@\u00bb header_font_size_tablet=\u00bb15px\u00bb header_font_size_phone=\u00bb14px\u00bb header_font_size_last_edited=\u00bbon|phone\u00bb body_font_size_tablet=\u00bb15px\u00bb body_font_size_phone=\u00bb14px\u00bb body_font_size_last_edited=\u00bbon|desktop\u00bb border_radii_image=\u00bbon|6px|6px|6px|6px\u00bb global_colors_info=\u00bb{}\u00bb background__hover_enabled=\u00bbon|hover\u00bb background_color__hover=\u00bbrgba(32,79,138,0.14)\u00bb background_enable_color__hover=\u00bbon\u00bb]<\/p>\n<p><span>Todo de una mano: prueba de nivel, libro online, asesoramiento personal y ayuda con las autoridades. As\u00ed empezar\u00e1s tu entrenamiento de alem\u00e1n sin estr\u00e9s. <\/span><\/p>\n<p>[\/et_pb_blurb][et_pb_blurb title=\u00bbCursos de negocios\u00bb use_icon=\u00bbon\u00bb font_icon=\u00bb&#xf058;||fa||900&#8243; icon_color=\u00bb#03045e\u00bb icon_placement=\u00bbleft\u00bb image_icon_width=\u00bb40px\u00bb content_max_width=\u00bb100%\u00bb _builder_version=\u00bb4.27.4&#8243; _dynamic_attributes=\u00bblink_option_url\u00bb _module_preset=\u00bb65059203-12d3-44f6-8371-3f5cf61a0475&#8243; header_level=\u00bbh3&#8243; header_font=\u00bb&#8211;et_global_heading_font|Cormorant Garamond_weight|||||||\u00bb header_text_color=\u00bb#0e0c19&#8243; header_font_size=\u00bb18px\u00bb header_line_height=\u00bb1.4em\u00bb body_font=\u00bb&#8211;et_global_body_font|Proza Libre_weight|||||||\u00bb body_text_color=\u00bb#3c3a47&#8243; body_font_size=\u00bb16px\u00bb body_line_height=\u00bb1.75em\u00bb body_link_text_color=\u00bb#03045e\u00bb animation=\u00bboff\u00bb link_option_url=\u00bb@ET-DC@eyJkeW5hbWljIjp0cnVlLCJjb250ZW50IjoicG9zdF9saW5rX3VybF9wYWdlIiwic2V0dGluZ3MiOnsicG9zdF9pZCI6IjEzNDY2In19@\u00bb header_font_size_tablet=\u00bb15px\u00bb header_font_size_phone=\u00bb14px\u00bb header_font_size_last_edited=\u00bbon|phone\u00bb body_font_size_tablet=\u00bb15px\u00bb body_font_size_phone=\u00bb14px\u00bb body_font_size_last_edited=\u00bbon|desktop\u00bb border_radii_image=\u00bbon|6px|6px|6px|6px\u00bb global_colors_info=\u00bb{}\u00bb background__hover_enabled=\u00bbon|hover\u00bb background_color__hover=\u00bbrgba(32,79,138,0.14)\u00bb background_enable_color__hover=\u00bbon\u00bb]<\/p>\n<p><span>Cursos de idiomas para cada \u00e1rea de trabajo: sanidad, inform\u00e1tica, turismo y mucho m\u00e1s. Adaptamos los contenidos exactamente a tu sector.<\/span><\/p>\n<p>[\/et_pb_blurb][et_pb_blurb title=\u00bbCursos para m\u00e9dicos y m\u00e9dicas\u00bb use_icon=\u00bbon\u00bb font_icon=\u00bb&#xf058;||fa||900&#8243; icon_color=\u00bb#03045e\u00bb icon_placement=\u00bbleft\u00bb image_icon_width=\u00bb40px\u00bb content_max_width=\u00bb100%\u00bb _builder_version=\u00bb4.27.4&#8243; _dynamic_attributes=\u00bblink_option_url\u00bb _module_preset=\u00bb65059203-12d3-44f6-8371-3f5cf61a0475&#8243; header_level=\u00bbh3&#8243; header_font=\u00bb&#8211;et_global_heading_font|Cormorant Garamond_weight|||||||\u00bb header_text_color=\u00bb#0e0c19&#8243; header_font_size=\u00bb18px\u00bb header_line_height=\u00bb1.4em\u00bb body_font=\u00bb&#8211;et_global_body_font|Proza Libre_weight|||||||\u00bb body_text_color=\u00bb#3c3a47&#8243; body_font_size=\u00bb16px\u00bb body_line_height=\u00bb1.75em\u00bb body_link_text_color=\u00bb#03045e\u00bb background_color=\u00bb#FFFFFF\u00bb animation=\u00bboff\u00bb link_option_url=\u00bb@ET-DC@eyJkeW5hbWljIjp0cnVlLCJjb250ZW50IjoicG9zdF9saW5rX3VybF9wYWdlIiwic2V0dGluZ3MiOnsicG9zdF9pZCI6IjE0MzExIn19@\u00bb header_font_size_tablet=\u00bb15px\u00bb header_font_size_phone=\u00bb14px\u00bb header_font_size_last_edited=\u00bbon|phone\u00bb body_font_size_tablet=\u00bb15px\u00bb body_font_size_phone=\u00bb14px\u00bb body_font_size_last_edited=\u00bbon|desktop\u00bb border_radii_image=\u00bbon|6px|6px|6px|6px\u00bb global_colors_info=\u00bb{}\u00bb background__hover_enabled=\u00bbon|hover\u00bb background_color__hover=\u00bbrgba(32,79,138,0.14)\u00bb background_enable_color__hover=\u00bbon\u00bb]<\/p>\n<p><span>Prep\u00e1rate para los ex\u00e1menes de lengua especializada y el d\u00eda a d\u00eda en la cl\u00ednica. Practica la anamnesis, los informes m\u00e9dicos y los t\u00e9rminos m\u00e9dicos especializados en juegos de rol. <\/span><\/p>\n<p>[\/et_pb_blurb][\/et_pb_column][\/et_pb_row][\/et_pb_section][et_pb_section fb_built=\u00bb1&#8243; fullwidth=\u00bbon\u00bb module_id=\u00bbtypeform\u00bb _builder_version=\u00bb4.27.4&#8243; _module_preset=\u00bbdefault\u00bb global_colors_info=\u00bb{}\u00bb][et_pb_fullwidth_code _builder_version=\u00bb4.27.4&#8243; _module_preset=\u00bbdefault\u00bb hover_enabled=\u00bb0&#8243; global_colors_info=\u00bb{}\u00bb sticky_enabled=\u00bb0&#8243;]<!-- [et_pb_line_break_holder] -->[\/et_pb_fullwidth_code][\/et_pb_section][et_pb_section fb_built=\u00bb1&#8243; fullwidth=\u00bbon\u00bb _builder_version=\u00bb4.27.4&#8243; _module_preset=\u00bbdefault\u00bb global_colors_info=\u00bb{}\u00bb][\/et_pb_section]<\/p>\n","protected":false},"excerpt":{"rendered":"<p>Asesoramiento &#038;&#8230;<\/p>\n","protected":false},"author":3,"featured_media":0,"parent":0,"menu_order":0,"comment_status":"closed","ping_status":"closed","template":"","meta":{"_et_pb_use_builder":"on","_et_pb_old_content":"","_et_gb_content_width":"","footnotes":""},"class_list":["post-37529","page","type-page","status-publish","hentry"],"jetpack_sharing_enabled":true,"_links":{"self":[{"href":"https:\/\/germaninstitute.com\/de\/es\/wp-json\/wp\/v2\/pages\/37529","targetHints":{"allow":["GET"]}}],"collection":[{"href":"https:\/\/germaninstitute.com\/de\/es\/wp-json\/wp\/v2\/pages"}],"about":[{"href":"https:\/\/germaninstitute.com\/de\/es\/wp-json\/wp\/v2\/types\/page"}],"author":[{"embeddable":true,"href":"https:\/\/germaninstitute.com\/de\/es\/wp-json\/wp\/v2\/users\/3"}],"replies":[{"embeddable":true,"href":"https:\/\/germaninstitute.com\/de\/es\/wp-json\/wp\/v2\/comments?post=37529"}],"version-history":[{"count":6,"href":"https:\/\/germaninstitute.com\/de\/es\/wp-json\/wp\/v2\/pages\/37529\/revisions"}],"predecessor-version":[{"id":62810,"href":"https:\/\/germaninstitute.com\/de\/es\/wp-json\/wp\/v2\/pages\/37529\/revisions\/62810"}],"wp:attachment":[{"href":"https:\/\/germaninstitute.com\/de\/es\/wp-json\/wp\/v2\/media?parent=37529"}],"curies":[{"name":"wp","href":"https:\/\/api.w.org\/{rel}","templated":true}]}}